{"id":18209,"date":"2015-06-09T09:21:27","date_gmt":"2015-06-09T07:21:27","guid":{"rendered":"https:\/\/rue-oktoberfest.de\/muziek-co\/"},"modified":"2026-04-23T14:35:47","modified_gmt":"2026-04-23T12:35:47","slug":"muziek-co","status":"publish","type":"page","link":"https:\/\/rue-oktoberfest.de\/nl\/muziek-co\/","title":{"rendered":"Programma"},"content":{"rendered":"<div class=\"wpb-content-wrapper\"><div class=\"wpb-content-wrapper\">\n<p>[vc_row css_animation=&#8220;&#8220; row_type=&#8220;row&#8220; use_row_as_full_screen_section=&#8220;no&#8220; type=&#8220;full_width&#8220; angled_section=&#8220;no&#8220; text_align=&#8220;left&#8220; background_image_as_pattern=&#8220;without_pattern&#8220;][vc_column][vc_column_text css=&#8220;&#8220;]<\/p>\n<h2 style=\"text-align: center;\">Programma<\/h2>\n<p>[\/vc_column_text][vc_empty_space][\/vc_column][\/vc_row][vc_row css_animation=&#8220;&#8220; row_type=&#8220;row&#8220; use_row_as_full_screen_section=&#8220;no&#8220; type=&#8220;full_width&#8220; angled_section=&#8220;no&#8220; text_align=&#8220;left&#8220; background_image_as_pattern=&#8220;without_pattern&#8220;][vc_column][vc_empty_space height=&#8221;\u201c128px\u201c&#8221;][\/vc_column][\/vc_row][vc_row css_animation=&#8220;&#8220; row_type=&#8220;row&#8220; use_row_as_full_screen_section=&#8220;no&#8220; type=&#8220;full_width&#8220; angled_section=&#8220;no&#8220; text_align=&#8220;left&#8220; background_image_as_pattern=&#8220;without_pattern&#8220; anchor=&#8220;original&#8220; z_index=&#8220;&#8220;][vc_column][vc_row_inner row_type=&#8220;row&#8220; type=&#8220;full_width&#8220; text_align=&#8220;left&#8220; css_animation=&#8220;&#8220;][vc_column_inner width=&#8220;1\/3&#8243;][vc_single_image image=&#8220;15349&#8243; img_size=&#8220;medium&#8220; style=&#8220;vc_box_shadow_3d&#8220; qode_css_animation=&#8220;&#8220;][vc_empty_space][\/vc_column_inner][vc_column_inner width=&#8220;2\/3&#8243;][vc_column_text]<\/p>\n<div class=\"page\" title=\"Pagina 1\">\n<div class=\"layoutArea\">\n<div class=\"column\">\n<h3>Original R\u00fcttenscheider<\/h3>\n<\/div>\n<\/div>\n<\/div>\n<p>[\/vc_column_text][vc_column_text]<em>Op alle dagen<\/em>[\/vc_column_text][vc_empty_space]<a  itemprop=\"url\" href=\"https:\/\/rue-oktoberfest.de\/nl\/boek\/\" target=\"_self\"  class=\"qbutton  small center default  qode-button-shadow\" style=\"\">Jetzt buchen<i class=\"qode_icon_font_awesome fa fa-ticket qode_button_icon_element\"><\/i><\/a>[vc_empty_space][vc_column_text]<\/p>\n<div class=\"page\" title=\"Pagina 1\">\n<div class=\"layoutArea\">\n<div class=\"column\">\n<p><em>De kuitbanden in het hart en het ritme in het bloed.<\/em><\/p>\n<p>&nbsp;<\/p>\n<p>Welke band krijgt het voor elkaar om in een mum van tijd een hele feesttent van 4000 mensen op de bierbanken aan het dansen te krijgen? De Original R\u00fcttenscheider staan garant voor echte Wiesn-flair en zorgen elke dag voor veel hartige H\u00fcttengaudi!<\/p>\n<p>De stoere jongens en meiden van de achtkoppige feestband rocken de tent met de grootste Wiesn-hits aller tijden, het beste uit de internationale hitlijsten en de populairste feesthits uit de jaren 70, 80 en 90. Of het nu Holzmichl, Robbie Williams of de Anton uit Tirol is &#8211; de Original R\u00fcttenscheider maken van de biertent een feesttent met een originele Wiesn-sfeer en alles wat daarbij hoort. In de dirndl! Op de bierbank! O&#8217;zapft is!<\/p>\n<p>Onze Originele R\u00fcttenscheider zijn geen gewone feestcombo. Onder Dirndl en Lederhosen schuilen acht topmuzikanten die ook buiten het R\u00dc Oktoberfest de harten van de natie verrukken.<\/p>\n<\/div>\n<\/div>\n<\/div>\n<p>[\/vc_column_text][vc_empty_space][\/vc_column_inner][\/vc_row_inner][vc_empty_space][vc_single_image image=&#8220;16488&#8243; img_size=&#8220;medium&#8220; alignment=&#8220;center&#8220; qode_css_animation=&#8220;&#8220;][vc_empty_space][\/vc_column][\/vc_row][vc_row css_animation=&#8220;&#8220; row_type=&#8220;row&#8220; use_row_as_full_screen_section=&#8220;no&#8220; type=&#8220;full_width&#8220; angled_section=&#8220;no&#8220; text_align=&#8220;left&#8220; background_image_as_pattern=&#8220;without_pattern&#8220; anchor=&#8220;blaulicht&#8220; z_index=&#8220;&#8220;][vc_column][vc_row_inner row_type=&#8220;row&#8220; type=&#8220;full_width&#8220; text_align=&#8220;left&#8220; css_animation=&#8220;&#8220;][vc_column_inner width=&#8220;1\/3&#8243;][vc_single_image image=&#8220;16038&#8243; img_size=&#8220;medium&#8220; style=&#8220;vc_box_shadow_3d&#8220; qode_css_animation=&#8220;&#8220;][\/vc_column_inner][vc_column_inner width=&#8220;2\/3&#8243;][vc_column_text]<\/p>\n<div class=\"page\" title=\"Pagina 1\">\n<div class=\"layoutArea\">\n<div class=\"column\">\n<div class=\"page\" title=\"Pagina 1\">\n<div class=\"layoutArea\">\n<div class=\"column\">\n<h3>Blaulichtparty<\/h3>\n<\/div>\n<\/div>\n<\/div>\n<\/div>\n<\/div>\n<\/div>\n<p>[\/vc_column_text][vc_column_text css=&#8220;&#8220;]<em>1 oktober 2026<\/em>[\/vc_column_text][vc_empty_space]<a  itemprop=\"url\" href=\"https:\/\/rue-oktoberfest.de\/nl\/boek\/?ee=67\" target=\"_self\"  class=\"qbutton  small center default  qode-button-shadow\" style=\"\">Jetzt buchen<i class=\"qode_icon_font_awesome fa fa-ticket qode_button_icon_element\"><\/i><\/a>[vc_empty_space][vc_column_text]<\/p>\n<div class=\"page\" title=\"Pagina 1\">\n<div class=\"layoutArea\">\n<div class=\"column\">\n<div class=\"page\" title=\"Pagina 1\">\n<div class=\"layoutArea\">\n<div class=\"column\">\n<p>hard werken &#8211; harder feesten<\/p>\n<p>Een avond zonder alledaags leven, met dirndl en lederhosen in plaats van uniform, met feest in plaats van blauw licht.<\/p>\n<p>Een feest voor onze helden, omdat jullie onze vriend en helper zijn, onze redders in nood, met blauw licht en sirene.<\/p>\n<p>Start nu de sirene en maak de weg vrij voor een geweldige avond:<\/p>\n<p>Alleen voor jou, alleen met jou!<\/p>\n<\/div>\n<\/div>\n<\/div>\n<\/div>\n<\/div>\n<\/div>\n<p>[\/vc_column_text][vc_empty_space][\/vc_column_inner][\/vc_row_inner][vc_empty_space][vc_single_image image=&#8220;16488&#8243; img_size=&#8220;medium&#8220; alignment=&#8220;center&#8220; qode_css_animation=&#8220;&#8220;][vc_empty_space][\/vc_column][\/vc_row][vc_row css_animation=&#8220;&#8220; row_type=&#8220;row&#8220; use_row_as_full_screen_section=&#8220;no&#8220; type=&#8220;full_width&#8220; angled_section=&#8220;no&#8220; text_align=&#8220;left&#8220; background_image_as_pattern=&#8220;without_pattern&#8220; anchor=&#8220;wiesn&#8220; z_index=&#8220;&#8220;][vc_column][vc_row_inner row_type=&#8220;row&#8220; type=&#8220;full_width&#8220; text_align=&#8220;left&#8220; css_animation=&#8220;&#8220;][vc_column_inner][vc_separator type=&#8221;\u201cnormal\u201c&#8221;][vc_empty_space][\/vc_column_inner][\/vc_row_inner][vc_row_inner row_type=&#8220;row&#8220; type=&#8220;full_width&#8220; text_align=&#8220;left&#8220; css_animation=&#8220;&#8220; anchor=&#8220;wiesn&#8220;][vc_column_inner width=&#8220;1\/3&#8243;][vc_single_image image=&#8220;15591&#8243; img_size=&#8220;medium&#8220; style=&#8220;vc_box_shadow_3d&#8220; qode_css_animation=&#8220;&#8220;][\/vc_column_inner][vc_column_inner width=&#8220;2\/3&#8243;][vc_column_text css=&#8220;&#8220;]<\/p>\n<div class=\"page\" title=\"Pagina 1\">\n<div class=\"layoutArea\">\n<div class=\"column\">\n<h3 style=\"text-align: left;\">Wiesn lunch met Nature&#8217;s Best<\/h3>\n<p>&nbsp;<\/p>\n<\/div>\n<\/div>\n<\/div>\n<p>[\/vc_column_text][vc_column_text css=&#8220;&#8220;]In september op 13.09 &amp; 20.09<\/p>\n<p>In oktober op 4.10[\/vc_column_text][vc_empty_space][vc_column_text css=&#8220;&#8220;]<\/p>\n<div class=\"page\" title=\"Pagina 1\">\n<div class=\"layoutArea\">\n<div class=\"column\">\n<div class=\"page\" title=\"Pagina 1\">\n<div class=\"layoutArea\">\n<div class=\"column\">\n<div class=\"page\" title=\"Pagina 1\">\n<div class=\"layoutArea\">\n<div class=\"column\">\n<div class=\"page\" title=\"Pagina 1\">\n<div class=\"layoutArea\">\n<div class=\"column\">\n<div class=\"page\" title=\"Pagina 1\">\n<div class=\"layoutArea\">\n<div class=\"column\">\n<p data-start=\"206\" data-end=\"324\">Proef de sfeer van het Oktoberfest en geniet van een halve kip of een koud biertje op onze prachtige locatie!<\/p>\n<p data-start=\"326\" data-end=\"557\">Of het nu in de sfeervolle feesttent is of op ons <strong data-start=\"374\" data-end=\"406\">600 vierkante meter grote zonneterras<\/strong> met een prachtig uitzicht op de omliggende velden en de luchthaven van Essen\/M\u00fclheim &#8211; hier kunt u volop genieten van de Beierse sfeer.<\/p>\n<p data-start=\"559\" data-end=\"780\">De muzikale begeleiding wordt verzorgd door Nature&#8217;s Best; <strong data-start=\"607\" data-end=\"658\">Lambert Bla\u00df, Freddi Lubitz en Michael Holland<\/strong> &#8211; drie getalenteerde zangers en instrumentalisten wier muziek diep verankerd is in de wortels van de Amerikaanse folk.<\/p>\n<p>&nbsp;<\/p>\n<p>Open van 11:00 &#8211; 16:30, toegang is gratis!<\/p>\n<\/div>\n<\/div>\n<\/div>\n<\/div>\n<\/div>\n<\/div>\n<\/div>\n<\/div>\n<\/div>\n<\/div>\n<\/div>\n<\/div>\n<\/div>\n<\/div>\n<\/div>\n<p>[\/vc_column_text][vc_empty_space][\/vc_column_inner][\/vc_row_inner][vc_empty_space][vc_separator type=&#8220;normal&#8220;][vc_empty_space][\/vc_column][\/vc_row][vc_row css_animation=&#8220;&#8220; row_type=&#8220;row&#8220; use_row_as_full_screen_section=&#8220;no&#8220; type=&#8220;full_width&#8220; angled_section=&#8220;no&#8220; text_align=&#8220;left&#8220; background_image_as_pattern=&#8220;without_pattern&#8220; anchor=&#8220;djpatric&#8220; z_index=&#8220;&#8220;][vc_column][vc_row_inner row_type=&#8220;row&#8220; type=&#8220;full_width&#8220; text_align=&#8220;left&#8220; css_animation=&#8220;&#8220;][vc_column_inner][vc_empty_space][\/vc_column_inner][\/vc_row_inner][vc_empty_space][vc_single_image image=&#8220;16488&#8243; img_size=&#8220;medium&#8220; alignment=&#8220;center&#8220; qode_css_animation=&#8220;&#8220;][vc_empty_space][\/vc_column][\/vc_row][vc_row css_animation=&#8220;&#8220; row_type=&#8220;row&#8220; use_row_as_full_screen_section=&#8220;no&#8220; type=&#8220;full_width&#8220; angled_section=&#8220;no&#8220; text_align=&#8220;left&#8220; background_image_as_pattern=&#8220;without_pattern&#8220; anchor=&#8220;fishi&#8220; z_index=&#8220;&#8220;][vc_column][vc_row_inner row_type=&#8220;row&#8220; type=&#8220;full_width&#8220; text_align=&#8220;left&#8220; css_animation=&#8220;&#8220;][vc_column_inner][vc_empty_space][\/vc_column_inner][\/vc_row_inner][vc_row_inner row_type=&#8220;row&#8220; type=&#8220;full_width&#8220; text_align=&#8220;left&#8220; css_animation=&#8220;&#8220; anchor=&#8220;picco&#8220;][vc_column_inner width=&#8220;1\/3&#8243;][vc_single_image image=&#8220;19077&#8243; img_size=&#8220;medium&#8220; style=&#8220;vc_box_shadow_3d&#8220; qode_css_animation=&#8220;&#8220;][\/vc_column_inner][vc_column_inner width=&#8220;2\/3&#8243;][vc_column_text]<\/p>\n<div class=\"page\" title=\"Pagina 1\">\n<div class=\"layoutArea\">\n<div class=\"column\">\n<h3>DJ Picco B.<\/h3>\n<\/div>\n<\/div>\n<\/div>\n<p>[\/vc_column_text][vc_column_text css=&#8220;&#8220;]<em>bij alle avondevenementen<\/em>[\/vc_column_text][vc_empty_space]<a  itemprop=\"url\" href=\"https:\/\/rue-oktoberfest.de\/nl\/boek\/\" target=\"_self\"  class=\"qbutton  small center default  qode-button-shadow\" style=\"\">Jetzt buchen<i class=\"qode_icon_font_awesome fa fa-ticket qode_button_icon_element\"><\/i><\/a>[vc_empty_space][vc_column_text css=&#8220;&#8220;]<\/p>\n<p data-start=\"169\" data-end=\"552\">Dit is zijn derde keer op het R\u00fc Oktoberfest en hij is al een veteraan op de draaitafels! DJ Picco B. inspireert met zijn unieke mix van feesthits, Wiesn-klassiekers en verrassende beats die afwijken van de typische Oktoberfest-muziek. Met zijn instinct voor het perfecte geluid zorgt hij voor de beste sfeer en onvergetelijke momenten. Een garantie voor <strong data-start=\"519\" data-end=\"545\">&#8220;De beste in het Westen&#8221;!<\/strong><\/p>\n<p>[\/vc_column_text][vc_empty_space][\/vc_column_inner][\/vc_row_inner][vc_empty_space][vc_single_image image=&#8220;16488&#8243; img_size=&#8220;medium&#8220; alignment=&#8220;center&#8220; qode_css_animation=&#8220;&#8220;][vc_empty_space][\/vc_column][\/vc_row][vc_row css_animation=&#8220;&#8220; row_type=&#8220;row&#8220; use_row_as_full_screen_section=&#8220;no&#8220; type=&#8220;full_width&#8220; angled_section=&#8220;no&#8220; text_align=&#8220;left&#8220; background_image_as_pattern=&#8220;without_pattern&#8220; anchor=&#8220;fishi&#8220; z_index=&#8220;&#8220;][vc_column][vc_row_inner row_type=&#8220;row&#8220; type=&#8220;full_width&#8220; text_align=&#8220;left&#8220; css_animation=&#8220;&#8220;][vc_column_inner][vc_empty_space][\/vc_column_inner][\/vc_row_inner][vc_row_inner row_type=&#8220;row&#8220; type=&#8220;full_width&#8220; text_align=&#8220;left&#8220; css_animation=&#8220;&#8220; anchor=&#8220;fishi&#8220;][vc_column_inner width=&#8220;1\/3&#8243; offset=&#8220;vc_hidden-lg vc_hidden-md vc_hidden-sm vc_hidden-xs&#8220;][vc_single_image image=&#8220;15283&#8243; img_size=&#8220;medium&#8220; style=&#8220;vc_box_shadow_3d&#8220; qode_css_animation=&#8220;&#8220;][\/vc_column_inner][vc_column_inner width=&#8220;2\/3&#8243; offset=&#8220;vc_hidden-lg vc_hidden-md vc_hidden-sm vc_hidden-xs&#8220;][vc_column_text]<\/p>\n<div class=\"page\" title=\"Pagina 1\">\n<div class=\"layoutArea\">\n<div class=\"column\">\n<h3>DJ Fishi<\/h3>\n<\/div>\n<\/div>\n<\/div>\n<p>[\/vc_column_text][vc_column_text]<em>op de openingsavond<\/em>[\/vc_column_text][vc_empty_space]<a  itemprop=\"url\" href=\"https:\/\/rue-oktoberfest.de\/nl\/boek\/\" target=\"_self\"  class=\"qbutton  small center default  qode-button-shadow\" style=\"\">Jetzt buchen<i class=\"qode_icon_font_awesome fa fa-ticket qode_button_icon_element\"><\/i><\/a>[vc_empty_space][vc_column_text]Traditie! Onze DJ voor de opening elk jaar![\/vc_column_text][vc_empty_space][\/vc_column_inner][\/vc_row_inner][\/vc_column][\/vc_row][vc_row css_animation=&#8220;&#8220; row_type=&#8220;row&#8220; use_row_as_full_screen_section=&#8220;no&#8220; type=&#8220;full_width&#8220; angled_section=&#8220;no&#8220; text_align=&#8220;left&#8220; background_image_as_pattern=&#8220;without_pattern&#8220; anchor=&#8220;aftershow&#8220; z_index=&#8220;&#8220;][vc_column][vc_row_inner row_type=&#8220;row&#8220; type=&#8220;full_width&#8220; text_align=&#8220;left&#8220; css_animation=&#8220;&#8220;][vc_column_inner width=&#8220;1\/3&#8243; offset=&#8220;vc_hidden-lg vc_hidden-md vc_hidden-sm vc_hidden-xs&#8220;][vc_single_image image=&#8220;18123&#8243; img_size=&#8220;medium&#8220; style=&#8220;vc_box_shadow_3d&#8220; qode_css_animation=&#8220;&#8220;][\/vc_column_inner][vc_column_inner width=&#8220;2\/3&#8243; offset=&#8220;vc_hidden-lg vc_hidden-md vc_hidden-sm vc_hidden-xs&#8220;][vc_column_text]<\/p>\n<div class=\"page\" title=\"Pagina 1\">\n<div class=\"layoutArea\">\n<div class=\"column\">\n<h3 style=\"text-align: left;\">Aftershow-feestje<\/h3>\n<\/div>\n<\/div>\n<\/div>\n<p>[\/vc_column_text][vc_column_text]<\/p>\n<p style=\"text-align: left;\"><em>offici\u00eble aftershow party<\/em><\/p>\n<p>[\/vc_column_text][vc_empty_space]<a  itemprop=\"url\" href=\"https:\/\/musikpalette-disco.de\" target=\"_blank\"  class=\"qbutton  small center default  qode-button-shadow\" style=\"\" rel=\"noopener noreferrer nofollow\">Musik Palette<i class=\"qode_icon_font_awesome fa fa-music qode_button_icon_element\"><\/i><\/a>[vc_empty_space][vc_column_text]Na alle dagen van het evenement vindt de offici\u00eble R\u00fc Oktoberfest Aftershow Party plaats in de MuPa.[\/vc_column_text][vc_empty_space][\/vc_column_inner][\/vc_row_inner][\/vc_column][\/vc_row][vc_row css_animation=&#8220;&#8220; row_type=&#8220;row&#8220; use_row_as_full_screen_section=&#8220;no&#8220; type=&#8220;full_width&#8220; angled_section=&#8220;no&#8220; text_align=&#8220;left&#8220; background_image_as_pattern=&#8220;without_pattern&#8220;][vc_column offset=&#8220;vc_hidden-lg vc_hidden-md vc_hidden-sm vc_hidden-xs&#8220;][vc_row_inner row_type=&#8220;row&#8220; type=&#8220;full_width&#8220; text_align=&#8220;left&#8220; css_animation=&#8220;&#8220;][vc_column_inner][vc_empty_space][\/vc_column_inner][\/vc_row_inner][vc_row_inner row_type=&#8220;row&#8220; type=&#8220;full_width&#8220; text_align=&#8220;left&#8220; css_animation=&#8220;&#8220; anchor=&#8220;ruhrkrainer&#8220;][vc_column_inner width=&#8220;1\/3&#8243;][vc_single_image image=&#8220;15619&#8243; img_size=&#8220;medium&#8220; style=&#8220;vc_box_shadow_3d&#8220; qode_css_animation=&#8220;&#8220;][\/vc_column_inner][vc_column_inner width=&#8220;2\/3&#8243;][vc_column_text]<\/p>\n<div class=\"page\" title=\"Pagina 1\">\n<div class=\"layoutArea\">\n<div class=\"column\">\n<h3>Ruhrgebied<\/h3>\n<\/div>\n<\/div>\n<\/div>\n<p>[\/vc_column_text][vc_column_text]<i>Elke zaterdag van 17:00 -19:00 &amp; zondag 6 oktober vanaf 11:00<\/i>[\/vc_column_text][vc_empty_space][vc_column_text]Jarenlang, zelfs decennialang, hebben ze samengespeeld in verschillende muzikale formaties van brassband, bigband tot jazz.<\/p>\n<p>In 2009 vervulden ze een muzikale wens door de Ruhrkrainer op te richten. Ge\u00efnspireerd door Beierse en Oberkrainse volksmuziek kwamen ze hier in Essen &#8211; in het centrum van het Ruhrgebied &#8211; samen om deze muziekformatie te vormen.<br \/>Dit verklaart hun naam RUHR und KRAINER.<\/p>\n<p>&nbsp;<\/p>\n<p>Met een sfeervol repertoire, muzikaal uitgekiende arrangementen en natuurlijk in klederdracht willen ze hun plezier in deze muziekstijl uitdrukken.<br \/>Gekoppeld aan een gezonde dosis humor zorgen ze voor een goed humeur op elk evenement.<\/p>\n<p>&nbsp;<\/p>\n<p><a href=\"https:\/\/www.ruhrkrainer.de\/ruhrkrainer.html\" target=\"_blank\" rel=\"noopener noreferrer nofollow\">www.ruhrkrainer.de\/ruhrkrainer.html<\/a>[\/vc_column_text][vc_empty_space][\/vc_column_inner][\/vc_row_inner][vc_empty_space][vc_separator type=&#8220;normal&#8220;][vc_empty_space][\/vc_column][\/vc_row]<\/p>\n<\/div>\n<\/div>","protected":false},"excerpt":{"rendered":"<p>[vc_row css_animation=&#8220;&#8220; row_type=&#8220;row&#8220; use_row_as_full_screen_section=&#8220;no&#8220; type=&#8220;full_width&#8220; angled_section=&#8220;no&#8220; text_align=&#8220;left&#8220; background_image_as_pattern=&#8220;without_pattern&#8220;][vc_column][vc_column_text css=&#8220;&#8220;] Programma [\/vc_column_text][vc_empty_space][\/vc_column][\/vc_row][vc_row css_animation=&#8220;&#8220; row_type=&#8220;row&#8220; use_row_as_full_screen_section=&#8220;no&#8220; type=&#8220;full_width&#8220; angled_section=&#8220;no&#8220; text_align=&#8220;left&#8220; background_image_as_pattern=&#8220;without_pattern&#8220;][vc_column][vc_empty_space height=&#8221;\u201c128px\u201c&#8221;][\/vc_column][\/vc_row][vc_row css_animation=&#8220;&#8220; row_type=&#8220;row&#8220; use_row_as_full_screen_section=&#8220;no&#8220; type=&#8220;full_width&#8220; angled_section=&#8220;no&#8220; text_align=&#8220;left&#8220; background_image_as_pattern=&#8220;without_pattern&#8220; anchor=&#8220;original&#8220; z_index=&#8220;&#8220;][vc_column][vc_row_inner row_type=&#8220;row&#8220; type=&#8220;full_width&#8220; text_align=&#8220;left&#8220; css_animation=&#8220;&#8220;][vc_column_inner width=&#8220;1\/3&#8243;][vc_single_image image=&#8220;15349&#8243; img_size=&#8220;medium&#8220; style=&#8220;vc_box_shadow_3d&#8220; qode_css_animation=&#8220;&#8220;][vc_empty_space][\/vc_column_inner][vc_column_inner width=&#8220;2\/3&#8243;][vc_column_text] Original R\u00fcttenscheider [\/vc_column_text][vc_column_text]Op alle dagen[\/vc_column_text][vc_empty_space]Jetzt buchen[vc_empty_space][vc_column_text] De&#8230;<\/p>\n","protected":false},"author":10,"featured_media":0,"parent":0,"menu_order":0,"comment_status":"closed","ping_status":"closed","template":"","meta":{"footnotes":""},"class_list":["post-18209","page","type-page","status-publish","hentry"],"yoast_head":"<!-- This site is optimized with the Yoast SEO plugin v27.4 - https:\/\/yoast.com\/product\/yoast-seo-wordpress\/ -->\n<title>Programma op het R\u00dc Oktoberfest 2026 Ruhrgebied<\/title>\n<meta name=\"description\" content=\"Originele R\u00fcttenscheider, DJ Picco B., blue light party op 1 oktober en Oktoberfest-lunch: het volledige programma van het R\u00dc Oktoberfest 2026 in het Ruhrgebied.\" \/>\n<meta name=\"robots\" content=\"index, follow, max-snippet:-1, max-image-preview:large, max-video-preview:-1\" \/>\n<link rel=\"canonical\" href=\"https:\/\/rue-oktoberfest.de\/nl\/muziek-co\/\" \/>\n<meta property=\"og:locale\" content=\"nl_NL\" \/>\n<meta property=\"og:type\" content=\"article\" \/>\n<meta property=\"og:title\" content=\"Programma op het R\u00dc Oktoberfest 2026 Ruhrgebied\" \/>\n<meta property=\"og:description\" content=\"Originele R\u00fcttenscheider, DJ Picco B., blue light party op 1 oktober en Oktoberfest-lunch: het volledige programma van het R\u00dc Oktoberfest 2026 in het Ruhrgebied.\" \/>\n<meta property=\"og:url\" content=\"https:\/\/rue-oktoberfest.de\/nl\/muziek-co\/\" \/>\n<meta property=\"og:site_name\" content=\"R\u00dc Oktoberfest\" \/>\n<meta property=\"article:modified_time\" content=\"2026-04-23T12:35:47+00:00\" \/>\n<meta name=\"twitter:card\" content=\"summary_large_image\" \/>\n<meta name=\"twitter:label1\" content=\"Geschatte leestijd\" \/>\n\t<meta name=\"twitter:data1\" content=\"9 minuten\" \/>\n<script type=\"application\/ld+json\" class=\"yoast-schema-graph\">{\"@context\":\"https:\\\/\\\/schema.org\",\"@graph\":[{\"@type\":\"WebPage\",\"@id\":\"https:\\\/\\\/rue-oktoberfest.de\\\/nl\\\/muziek-co\\\/\",\"url\":\"https:\\\/\\\/rue-oktoberfest.de\\\/nl\\\/muziek-co\\\/\",\"name\":\"Programma op het R\u00dc Oktoberfest 2026 Ruhrgebied\",\"isPartOf\":{\"@id\":\"https:\\\/\\\/rue-oktoberfest.de\\\/#website\"},\"datePublished\":\"2015-06-09T07:21:27+00:00\",\"dateModified\":\"2026-04-23T12:35:47+00:00\",\"description\":\"Originele R\u00fcttenscheider, DJ Picco B., blue light party op 1 oktober en Oktoberfest-lunch: het volledige programma van het R\u00dc Oktoberfest 2026 in het Ruhrgebied.\",\"breadcrumb\":{\"@id\":\"https:\\\/\\\/rue-oktoberfest.de\\\/nl\\\/muziek-co\\\/#breadcrumb\"},\"inLanguage\":\"nl-NL\",\"potentialAction\":[{\"@type\":\"ReadAction\",\"target\":[\"https:\\\/\\\/rue-oktoberfest.de\\\/nl\\\/muziek-co\\\/\"]}]},{\"@type\":\"BreadcrumbList\",\"@id\":\"https:\\\/\\\/rue-oktoberfest.de\\\/nl\\\/muziek-co\\\/#breadcrumb\",\"itemListElement\":[{\"@type\":\"ListItem\",\"position\":1,\"name\":\"Startseite\",\"item\":\"https:\\\/\\\/rue-oktoberfest.de\\\/nl\\\/\"},{\"@type\":\"ListItem\",\"position\":2,\"name\":\"Programma\"}]},{\"@type\":\"WebSite\",\"@id\":\"https:\\\/\\\/rue-oktoberfest.de\\\/#website\",\"url\":\"https:\\\/\\\/rue-oktoberfest.de\\\/\",\"name\":\"R\u00dc Oktoberfest\",\"description\":\"das R\u00dc Oktoberfest in Essen\",\"potentialAction\":[{\"@type\":\"SearchAction\",\"target\":{\"@type\":\"EntryPoint\",\"urlTemplate\":\"https:\\\/\\\/rue-oktoberfest.de\\\/?s={search_term_string}\"},\"query-input\":{\"@type\":\"PropertyValueSpecification\",\"valueRequired\":true,\"valueName\":\"search_term_string\"}}],\"inLanguage\":\"nl-NL\"}]}<\/script>\n<!-- \/ Yoast SEO plugin. -->","yoast_head_json":{"title":"Programma op het R\u00dc Oktoberfest 2026 Ruhrgebied","description":"Originele R\u00fcttenscheider, DJ Picco B., blue light party op 1 oktober en Oktoberfest-lunch: het volledige programma van het R\u00dc Oktoberfest 2026 in het Ruhrgebied.","robots":{"index":"index","follow":"follow","max-snippet":"max-snippet:-1","max-image-preview":"max-image-preview:large","max-video-preview":"max-video-preview:-1"},"canonical":"https:\/\/rue-oktoberfest.de\/nl\/muziek-co\/","og_locale":"nl_NL","og_type":"article","og_title":"Programma op het R\u00dc Oktoberfest 2026 Ruhrgebied","og_description":"Originele R\u00fcttenscheider, DJ Picco B., blue light party op 1 oktober en Oktoberfest-lunch: het volledige programma van het R\u00dc Oktoberfest 2026 in het Ruhrgebied.","og_url":"https:\/\/rue-oktoberfest.de\/nl\/muziek-co\/","og_site_name":"R\u00dc Oktoberfest","article_modified_time":"2026-04-23T12:35:47+00:00","twitter_card":"summary_large_image","twitter_misc":{"Geschatte leestijd":"9 minuten"},"schema":{"@context":"https:\/\/schema.org","@graph":[{"@type":"WebPage","@id":"https:\/\/rue-oktoberfest.de\/nl\/muziek-co\/","url":"https:\/\/rue-oktoberfest.de\/nl\/muziek-co\/","name":"Programma op het R\u00dc Oktoberfest 2026 Ruhrgebied","isPartOf":{"@id":"https:\/\/rue-oktoberfest.de\/#website"},"datePublished":"2015-06-09T07:21:27+00:00","dateModified":"2026-04-23T12:35:47+00:00","description":"Originele R\u00fcttenscheider, DJ Picco B., blue light party op 1 oktober en Oktoberfest-lunch: het volledige programma van het R\u00dc Oktoberfest 2026 in het Ruhrgebied.","breadcrumb":{"@id":"https:\/\/rue-oktoberfest.de\/nl\/muziek-co\/#breadcrumb"},"inLanguage":"nl-NL","potentialAction":[{"@type":"ReadAction","target":["https:\/\/rue-oktoberfest.de\/nl\/muziek-co\/"]}]},{"@type":"BreadcrumbList","@id":"https:\/\/rue-oktoberfest.de\/nl\/muziek-co\/#breadcrumb","itemListElement":[{"@type":"ListItem","position":1,"name":"Startseite","item":"https:\/\/rue-oktoberfest.de\/nl\/"},{"@type":"ListItem","position":2,"name":"Programma"}]},{"@type":"WebSite","@id":"https:\/\/rue-oktoberfest.de\/#website","url":"https:\/\/rue-oktoberfest.de\/","name":"R\u00dc Oktoberfest","description":"das R\u00dc Oktoberfest in Essen","potentialAction":[{"@type":"SearchAction","target":{"@type":"EntryPoint","urlTemplate":"https:\/\/rue-oktoberfest.de\/?s={search_term_string}"},"query-input":{"@type":"PropertyValueSpecification","valueRequired":true,"valueName":"search_term_string"}}],"inLanguage":"nl-NL"}]}},"_links":{"self":[{"href":"https:\/\/rue-oktoberfest.de\/nl\/wp-json\/wp\/v2\/pages\/18209","targetHints":{"allow":["GET"]}}],"collection":[{"href":"https:\/\/rue-oktoberfest.de\/nl\/wp-json\/wp\/v2\/pages"}],"about":[{"href":"https:\/\/rue-oktoberfest.de\/nl\/wp-json\/wp\/v2\/types\/page"}],"author":[{"embeddable":true,"href":"https:\/\/rue-oktoberfest.de\/nl\/wp-json\/wp\/v2\/users\/10"}],"replies":[{"embeddable":true,"href":"https:\/\/rue-oktoberfest.de\/nl\/wp-json\/wp\/v2\/comments?post=18209"}],"version-history":[{"count":20,"href":"https:\/\/rue-oktoberfest.de\/nl\/wp-json\/wp\/v2\/pages\/18209\/revisions"}],"predecessor-version":[{"id":22643,"href":"https:\/\/rue-oktoberfest.de\/nl\/wp-json\/wp\/v2\/pages\/18209\/revisions\/22643"}],"wp:attachment":[{"href":"https:\/\/rue-oktoberfest.de\/nl\/wp-json\/wp\/v2\/media?parent=18209"}],"curies":[{"name":"wp","href":"https:\/\/api.w.org\/{rel}","templated":true}]}}