{"id":18215,"date":"2015-06-09T00:28:29","date_gmt":"2015-06-08T22:28:29","guid":{"rendered":"https:\/\/rue-oktoberfest.de\/pendeldienst-parkeren\/"},"modified":"2026-04-23T14:35:48","modified_gmt":"2026-04-23T12:35:48","slug":"pendeldienst-parkeren","status":"publish","type":"page","link":"https:\/\/rue-oktoberfest.de\/nl\/pendeldienst-parkeren\/","title":{"rendered":"Pendeldienst &amp; Parkeren"},"content":{"rendered":"<div class=\"wpb-content-wrapper\"><div class=\"wpb-content-wrapper\">\n<p>[vc_row css_animation=&#8220;&#8220; row_type=&#8220;row&#8220; use_row_as_full_screen_section=&#8220;no&#8220; type=&#8220;full_width&#8220; angled_section=&#8220;no&#8220; text_align=&#8220;left&#8220; background_image_as_pattern=&#8220;without_pattern&#8220;][vc_column][vc_empty_space height=&#8221;\u201c70px\u201c&#8221;][rev_slider_vc alias=&#8221;\u201canabreise\u201c&#8221;][vc_empty_space height=&#8221;\u201c64px\u201c&#8221;][\/vc_column][\/vc_row][vc_row css_animation=&#8220;&#8220; row_type=&#8220;row&#8220; use_row_as_full_screen_section=&#8220;no&#8220; type=&#8220;full_width&#8220; angled_section=&#8220;no&#8220; text_align=&#8220;left&#8220; background_image_as_pattern=&#8220;without_pattern&#8220;][vc_column][vc_row_inner row_type=&#8220;row&#8220; type=&#8220;full_width&#8220; text_align=&#8220;left&#8220; css_animation=&#8220;&#8220;][vc_column_inner][vc_column_text css=&#8220;&#8220;]<\/p>\n<h2 style=\"text-align: center;\">Aankomst en vertrek<\/h2>\n<p>[\/vc_column_text][vc_empty_space height=&#8220;64px&#8220;][\/vc_column_inner][\/vc_row_inner][vc_column_text]<\/p>\n<p style=\"text-align: center;\">Onze locatie ligt midden in het groen, wat een geweldige aanwinst is voor het hele evenement!<br \/>De toegankelijkheid van ons Oktoberfest is echter niet zo vanzelfsprekend als in R\u00fcttenscheid. Daarom wordt er een regelmatige pendeldienst ingelegd tussen R\u00fcttenscheid en ons evenemententerrein! Deze service is natuurlijk gratis.<\/p>\n<p>&nbsp;<\/p>\n<h2 style=\"text-align: center;\"><\/h2>\n<h2 style=\"text-align: center;\"><\/h2>\n<p>[\/vc_column_text][\/vc_column][\/vc_row][vc_row css_animation=&#8220;&#8220; row_type=&#8220;row&#8220; use_row_as_full_screen_section=&#8220;no&#8220; type=&#8220;full_width&#8220; angled_section=&#8220;no&#8220; text_align=&#8220;left&#8220; background_image_as_pattern=&#8220;without_pattern&#8220;][vc_column][vc_empty_space][vc_single_image image=&#8220;16488&#8243; img_size=&#8220;medium&#8220; alignment=&#8220;center&#8220; qode_css_animation=&#8220;&#8220;][vc_empty_space][vc_empty_space][\/vc_column][\/vc_row][vc_row css_animation=&#8220;&#8220; row_type=&#8220;row&#8220; use_row_as_full_screen_section=&#8220;no&#8220; type=&#8220;full_width&#8220; angled_section=&#8220;no&#8220; text_align=&#8220;left&#8220; background_image_as_pattern=&#8220;without_pattern&#8220; z_index=&#8220;&#8220; anchor=&#8220;walk&#8220;][vc_column][vc_column_text css=&#8220;&#8220;]<\/p>\n<h2 style=\"text-align: center;\">Terrein overvliegen<\/h2>\n<p>[\/vc_column_text][vc_empty_space][vc_column_text css=&#8220;&#8220;]<\/p>\n<p style=\"text-align: center;\">Ter ori\u00ebntatie is hier een korte video met de belangrijkste dingen vanuit de lucht<\/p>\n<p>[\/vc_column_text][vc_row_inner row_type=&#8220;row&#8220; type=&#8220;full_width&#8220; text_align=&#8220;left&#8220; css_animation=&#8220;&#8220;][vc_column_inner][vc_empty_space][vc_video link=&#8220;https:\/\/youtube.com\/shorts\/9wK-t-P9uhE?si=pTL5S_QTPoWG3O4k&#8220; css=&#8220;&#8220;][\/vc_column_inner][\/vc_row_inner][\/vc_column][\/vc_row][vc_row css_animation=&#8220;&#8220; row_type=&#8220;row&#8220; use_row_as_full_screen_section=&#8220;no&#8220; type=&#8220;full_width&#8220; angled_section=&#8220;no&#8220; text_align=&#8220;left&#8220; background_image_as_pattern=&#8220;without_pattern&#8220;][vc_column][vc_empty_space][vc_single_image image=&#8220;16488&#8243; img_size=&#8220;medium&#8220; alignment=&#8220;center&#8220; qode_css_animation=&#8220;&#8220;][vc_empty_space][vc_empty_space][\/vc_column][\/vc_row][vc_row css_animation=&#8220;&#8220; row_type=&#8220;row&#8220; use_row_as_full_screen_section=&#8220;no&#8220; type=&#8220;full_width&#8220; angled_section=&#8220;no&#8220; text_align=&#8220;left&#8220; background_image_as_pattern=&#8220;without_pattern&#8220; anchor=&#8220;lageplan&#8220; z_index=&#8220;&#8220;][vc_column][vc_row_inner row_type=&#8220;row&#8220; type=&#8220;full_width&#8220; text_align=&#8220;left&#8220; css_animation=&#8220;&#8220;][vc_column_inner][vc_column_text css=&#8220;&#8220;]<\/p>\n<h2 style=\"text-align: center;\">Plattegrond<\/h2>\n<p>[\/vc_column_text][vc_empty_space][\/vc_column_inner][\/vc_row_inner][vc_row_inner row_type=&#8220;row&#8220; type=&#8220;full_width&#8220; text_align=&#8220;left&#8220; css_animation=&#8220;&#8220;][vc_column_inner][vc_single_image image=&#8220;15890&#8243; img_size=&#8220;full&#8220; style=&#8220;vc_box_shadow_3d&#8220; onclick=&#8220;img_link_large&#8220; qode_css_animation=&#8220;element_from_bottom&#8220;][vc_single_image image=&#8220;20084&#8243; img_size=&#8220;full&#8220; alignment=&#8220;center&#8220; style=&#8220;vc_box_shadow_3d&#8220; onclick=&#8220;img_link_large&#8220; css=&#8220;&#8220; qode_css_animation=&#8220;element_from_bottom&#8220;][vc_empty_space][\/vc_column_inner][\/vc_row_inner][\/vc_column][\/vc_row][vc_row css_animation=&#8220;&#8220; row_type=&#8220;row&#8220; use_row_as_full_screen_section=&#8220;no&#8220; type=&#8220;full_width&#8220; angled_section=&#8220;no&#8220; text_align=&#8220;left&#8220; background_image_as_pattern=&#8220;without_pattern&#8220; css=&#8220;.vc_custom_1571575534694{margin-top: 32px !important;margin-bottom: 64px !important;}&#8220; z_index=&#8220;&#8220;][vc_column][vc_single_image image=&#8220;16488&#8243; img_size=&#8220;medium&#8220; alignment=&#8220;center&#8220; qode_css_animation=&#8220;&#8220;][vc_empty_space][vc_empty_space][\/vc_column][\/vc_row][vc_row css_animation=&#8220;&#8220; row_type=&#8220;row&#8220; use_row_as_full_screen_section=&#8220;no&#8220; type=&#8220;full_width&#8220; angled_section=&#8220;no&#8220; text_align=&#8220;left&#8220; background_image_as_pattern=&#8220;without_pattern&#8220; anchor=&#8220;shuttleservice&#8220; z_index=&#8220;&#8220;][vc_column][vc_column_text]<\/p>\n<h2 style=\"text-align: center;\">Pendeldienst<\/h2>\n<p>[\/vc_column_text][vc_empty_space][\/vc_column][\/vc_row][vc_row css_animation=&#8220;&#8220; row_type=&#8220;row&#8220; use_row_as_full_screen_section=&#8220;no&#8220; type=&#8220;full_width&#8220; angled_section=&#8220;no&#8220; text_align=&#8220;left&#8220; background_image_as_pattern=&#8220;without_pattern&#8220; css=&#8220;.vc_custom_1571594104524{margin-bottom: 7px !important;padding-top: 7px !important;padding-right: 7px !important;padding-bottom: 7px !important;padding-left: 7px !important;}&#8220; z_index=&#8220;&#8220;][vc_column width=&#8220;1\/3&#8243;][vc_column_text css=&#8220;&#8220;]<\/p>\n<h3 style=\"text-align: left;\"><span style=\"color: #000000;\">Aankomst<\/span><\/h3>\n<p>[\/vc_column_text][vc_column_text css=&#8220;&#8220;]<\/p>\n<h3>Op alle avonden<\/h3>\n<p>[\/vc_column_text][\/vc_column][vc_column width=&#8220;2\/3&#8243;][vc_column_text]<\/p>\n<div><strong>Start:<\/strong> Messe Essen P2a<\/div>\n<div><strong>Finish:<\/strong> bij de feesttent<\/div>\n<div><strong>Frequentie:<\/strong> elke 10-20 minuten<\/div>\n<div><strong>Blauw licht feest interval: <\/strong>30-40 minuten<\/div>\n<div><strong>Periode:<\/strong> 16:30-19:00<\/div>\n<div><\/div>\n<div><\/div>\n<p>[\/vc_column_text][\/vc_column][\/vc_row][vc_row css_animation=&#8220;&#8220; row_type=&#8220;row&#8220; use_row_as_full_screen_section=&#8220;no&#8220; type=&#8220;full_width&#8220; angled_section=&#8220;no&#8220; text_align=&#8220;left&#8220; background_image_as_pattern=&#8220;without_pattern&#8220;][vc_column][vc_empty_space][vc_empty_space][\/vc_column][\/vc_row][vc_row css_animation=&#8220;&#8220; row_type=&#8220;row&#8220; use_row_as_full_screen_section=&#8220;no&#8220; type=&#8220;full_width&#8220; angled_section=&#8220;no&#8220; text_align=&#8220;left&#8220; background_image_as_pattern=&#8220;without_pattern&#8220; css=&#8220;.vc_custom_1571594104524{margin-bottom: 7px !important;padding-top: 7px !important;padding-right: 7px !important;padding-bottom: 7px !important;padding-left: 7px !important;}&#8220; z_index=&#8220;&#8220;][vc_column width=&#8220;1\/3&#8243; offset=&#8220;vc_hidden-lg vc_hidden-md vc_hidden-sm vc_hidden-xs&#8220;][vc_column_text]<\/p>\n<h3 style=\"text-align: left;\"><span style=\"color: #ff0000;\">Aankomst (2.10, 4. &amp; 5.10)<\/span><\/h3>\n<p>Vanwege de verhoogde beursactiviteit is het vertrek naar het beursterrein op deze dagen op de Alfredbr\u00fccke.<\/p>\n<p><span style=\"color: #000000;\"> <\/span>[\/vc_column_text][vc_column_text]<\/p>\n<h3>Op de volgende dagen:<\/h3>\n<p>Woensdag 2.10, vrijdag 4.10 &amp; zaterdag 5.10[\/vc_column_text][\/vc_column][vc_column width=&#8220;2\/3&#8243; offset=&#8220;vc_hidden-lg vc_hidden-md vc_hidden-sm vc_hidden-xs&#8220;][vc_column_text]<\/p>\n<div><strong>Start: <span style=\"color: #ff0000;\">Haltestelle Alfredbr\u00fcck Steig 2 (richting hoofdstation)<\/span><\/strong><\/div>\n<div><strong>Finish:<\/strong> bij de feesttent<\/div>\n<div><strong>Frequentie:<\/strong> elke 10-20 minuten<\/div>\n<div><strong>Periode:<\/strong> 16:30-19:00<\/div>\n<p>[\/vc_column_text][\/vc_column][\/vc_row][vc_row css_animation=&#8220;&#8220; row_type=&#8220;row&#8220; use_row_as_full_screen_section=&#8220;no&#8220; type=&#8220;full_width&#8220; angled_section=&#8220;no&#8220; text_align=&#8220;left&#8220; background_image_as_pattern=&#8220;without_pattern&#8220;][vc_column offset=&#8220;vc_hidden-lg vc_hidden-md vc_hidden-sm vc_hidden-xs&#8220;][vc_empty_space][vc_empty_space][\/vc_column][\/vc_row][vc_row css_animation=&#8220;&#8220; row_type=&#8220;row&#8220; use_row_as_full_screen_section=&#8220;no&#8220; type=&#8220;full_width&#8220; angled_section=&#8220;no&#8220; text_align=&#8220;left&#8220; background_image_as_pattern=&#8220;without_pattern&#8220; css=&#8220;.vc_custom_1571594116899{margin-bottom: 7px !important;padding-top: 7px !important;padding-right: 7px !important;padding-bottom: 7px !important;padding-left: 7px !important;}&#8220; z_index=&#8220;&#8220;][vc_column width=&#8220;1\/3&#8243;][vc_column_text]<\/p>\n<h3 style=\"text-align: left;\">Terugreis<\/h3>\n<p>[\/vc_column_text][vc_column_text css=&#8220;&#8220;]<\/p>\n<h3>Op alle avonden<\/h3>\n<p>[\/vc_column_text][\/vc_column][vc_column width=&#8220;2\/3&#8243;][vc_column_text]<\/p>\n<div><strong>Start: <\/strong>bij de feesttent<\/div>\n<div><strong>Bestemming:<\/strong> Messe Essen P2a<\/div>\n<div><strong>Frequentie:<\/strong> elke 10-20 minuten<\/div>\n<div><strong>Blaulichtparty interval:<\/strong> 30-40 minuten<\/div>\n<div><strong>Periode:<\/strong> vanaf 22:00<\/div>\n<div><\/div>\n<div><\/div>\n<p>[\/vc_column_text][\/vc_column][\/vc_row][vc_row css_animation=&#8220;&#8220; row_type=&#8220;row&#8220; use_row_as_full_screen_section=&#8220;no&#8220; type=&#8220;full_width&#8220; angled_section=&#8220;no&#8220; text_align=&#8220;left&#8220; background_image_as_pattern=&#8220;without_pattern&#8220;][vc_column][vc_empty_space][vc_empty_space][\/vc_column][\/vc_row][vc_row css_animation=&#8220;&#8220; row_type=&#8220;row&#8220; use_row_as_full_screen_section=&#8220;no&#8220; type=&#8220;full_width&#8220; angled_section=&#8220;no&#8220; text_align=&#8220;left&#8220; background_image_as_pattern=&#8220;without_pattern&#8220; css=&#8220;.vc_custom_1571594116899{margin-bottom: 7px !important;padding-top: 7px !important;padding-right: 7px !important;padding-bottom: 7px !important;padding-left: 7px !important;}&#8220; z_index=&#8220;&#8220;][vc_column width=&#8220;1\/3&#8243; offset=&#8220;vc_hidden-lg vc_hidden-md vc_hidden-sm vc_hidden-xs&#8220;][vc_column_text]<\/p>\n<h3 style=\"text-align: left;\">Terugreis<\/h3>\n<p>[\/vc_column_text][vc_column_text]<\/p>\n<h3>Het volgende weekend:<\/h3>\n<p>15.\/16.10[\/vc_column_text][\/vc_column][vc_column width=&#8220;2\/3&#8243; offset=&#8220;vc_hidden-lg vc_hidden-md vc_hidden-sm vc_hidden-xs&#8220;][vc_column_text]<\/p>\n<div><strong>Start: <\/strong>bij de feesttent<\/div>\n<div><strong>Bestemming:<\/strong> Parkeergarage P2a (onder de Alfredbrug)<\/div>\n<div><strong>Frequentie:<\/strong> elke 10-20 minuten<\/div>\n<div><strong>Periode:<\/strong> vanaf 22:00<\/div>\n<div><\/div>\n<div><span style=\"color: #ff0000;\">BELANGRIJK: Alle informatie over hygi\u00ebnemaatregelen in de shuttle kun je <a style=\"color: #ff0000;\" href=\"https:\/\/rue-oktoberfest.de\/?page_id=17094\">hier<\/a> vinden.<\/span><\/div>\n<p>[\/vc_column_text][\/vc_column][\/vc_row][vc_row css_animation=&#8220;&#8220; row_type=&#8220;row&#8220; use_row_as_full_screen_section=&#8220;no&#8220; type=&#8220;full_width&#8220; angled_section=&#8220;no&#8220; text_align=&#8220;left&#8220; background_image_as_pattern=&#8220;without_pattern&#8220; css=&#8220;.vc_custom_1571575534694{margin-top: 32px !important;margin-bottom: 64px !important;}&#8220; z_index=&#8220;&#8220;][vc_column][vc_single_image image=&#8220;16488&#8243; img_size=&#8220;medium&#8220; alignment=&#8220;center&#8220; qode_css_animation=&#8220;&#8220;][vc_empty_space][\/vc_column][\/vc_row][vc_row css_animation=&#8220;&#8220; row_type=&#8220;row&#8220; use_row_as_full_screen_section=&#8220;no&#8220; type=&#8220;full_width&#8220; angled_section=&#8220;no&#8220; text_align=&#8220;left&#8220; background_image_as_pattern=&#8220;without_pattern&#8220; css=&#8220;.vc_custom_1717422364721{margin-bottom: 7px !important;padding-top: 7px !important;padding-right: 7px !important;padding-bottom: 7px !important;padding-left: 7px !important;}&#8220; z_index=&#8220;&#8220; anchor=&#8220;auto&#8220;][vc_column][vc_empty_space][vc_column_text]<\/p>\n<h2 style=\"text-align: center;\">Auto &amp; Parkeren<\/h2>\n<p>[\/vc_column_text][vc_empty_space][vc_column_text css=&#8220;&#8220;]<\/p>\n<p style=\"text-align: center;\">Naast het reizen met de shuttle is er natuurlijk ook de mogelijkheid om met de auto naar ons Oktoberfest te komen. De parkeerplaatsen bevinden zich recht tegenover de Oktoberfest-tent.<\/p>\n<p>[\/vc_column_text][\/vc_column][\/vc_row][vc_row css_animation=&#8220;&#8220; row_type=&#8220;row&#8220; use_row_as_full_screen_section=&#8220;no&#8220; type=&#8220;full_width&#8220; angled_section=&#8220;no&#8220; text_align=&#8220;left&#8220; background_image_as_pattern=&#8220;without_pattern&#8220; z_index=&#8220;&#8220;][vc_column][vc_empty_space][vc_row_inner row_type=&#8220;row&#8220; type=&#8220;full_width&#8220; text_align=&#8220;left&#8220; css_animation=&#8220;&#8220;][vc_column_inner width=&#8220;1\/3&#8243;][vc_column_text]<\/p>\n<h3>Adres feesttent<\/h3>\n<p>[\/vc_column_text][\/vc_column_inner][vc_column_inner width=&#8220;2\/3&#8243;][vc_column_text]Luchthaven Essen\/M\u00fclheim, Lilienthalstra\u00dfe, 45470 M\u00fclheim an der Ruhr, tegenover Schley`s Blumenparadies Essen[\/vc_column_text][\/vc_column_inner][\/vc_row_inner][vc_empty_space][vc_row_inner row_type=&#8220;row&#8220; type=&#8220;full_width&#8220; text_align=&#8220;left&#8220; css_animation=&#8220;&#8220;][vc_column_inner width=&#8220;1\/3&#8243;][vc_column_text css=&#8220;&#8220;]<\/p>\n<h3>Parkings<\/h3>\n<p>[\/vc_column_text][\/vc_column_inner][vc_column_inner width=&#8220;2\/3&#8243;][vc_column_text css=&#8220;&#8220;]tegenover de feesttent[\/vc_column_text][\/vc_column_inner][\/vc_row_inner][vc_empty_space][vc_row_inner row_type=&#8220;row&#8220; type=&#8220;full_width&#8220; text_align=&#8220;left&#8220; css_animation=&#8220;&#8220;][vc_column_inner width=&#8220;1\/3&#8243;][vc_column_text]<\/p>\n<h3>Vanuit richting D\u00fcsseldorf<\/h3>\n<p>[\/vc_column_text][\/vc_column_inner][vc_column_inner width=&#8220;2\/3&#8243;][vc_column_text]Neem de snelweg A52 tot afrit 26 Essen-Kettwig. Volg de afslag richting M\u00fclheim. Na 600 m vind je de feesttent aan de linkerkant.[\/vc_column_text][\/vc_column_inner][\/vc_row_inner][vc_empty_space][vc_row_inner row_type=&#8220;row&#8220; type=&#8220;full_width&#8220; text_align=&#8220;left&#8220; css_animation=&#8220;&#8220;][vc_column_inner width=&#8220;1\/3&#8243;][vc_column_text]<\/p>\n<h3>Vanuit richting Dortmund<\/h3>\n<p>[\/vc_column_text][\/vc_column_inner][vc_column_inner width=&#8220;2\/3&#8243;][vc_column_text css=&#8220;&#8220;]volg de A40 tot het einde, op de A52. Neem afslag 26-Essen-Kettwig. Sla linksaf naar de Lilienthalstra\u00dfe. Na 500 m staat de feesttent aan de linkerkant[\/vc_column_text][\/vc_column_inner][\/vc_row_inner][vc_empty_space][vc_row_inner row_type=&#8220;row&#8220; type=&#8220;full_width&#8220; text_align=&#8220;left&#8220; css_animation=&#8220;&#8220;][vc_column_inner width=&#8220;1\/3&#8243;][vc_column_text]<\/p>\n<h3>Uit de richting Oberhausen<\/h3>\n<p>[\/vc_column_text][\/vc_column_inner][vc_column_inner width=&#8220;2\/3&#8243;][vc_column_text css=&#8220;&#8220;]Neem de B223 tot de afslag A40 richting Essen. Volg de A40 tot afrit 19-MH-Hei\u00dfen. Sla af naar Frohnhauserweg. Ga verder op de Velauer Stra\u00dfe via de Hatzper Stra\u00dfe. Sla na 600 m rechtsaf de Raadter Stra\u00dfe in. Volg de Raadter Stra\u00dfe 1600 m. Sla aan het einde van de Raadter Stra\u00dfe linksaf de Lilienthalstra\u00dfe in. Na 450 m vind je de feesttent aan de rechterkant.[\/vc_column_text][\/vc_column_inner][\/vc_row_inner][vc_row_inner row_type=&#8220;row&#8220; type=&#8220;full_width&#8220; text_align=&#8220;left&#8220; css_animation=&#8220;&#8220;][vc_column_inner width=&#8220;1\/3&#8243;][\/vc_column_inner][vc_column_inner width=&#8220;2\/3&#8243; offset=&#8220;vc_hidden-lg vc_hidden-md vc_hidden-sm vc_hidden-xs&#8220;][vc_column_text css=&#8220;&#8220;]<span style=\"color: #ff0000;\">LET OP:<\/span><\/p>\n<p><span style=\"color: #ff0000;\">Vanaf 22:00 is het verboden om vanuit deze richting de Lilienthalstra\u00dfe op te rijden. Vanaf dit tijdstip moet de Hatzper Stra\u00dfe worden gevolgd tot aan de A52. Rijd de snelweg A52 op.   Neem afslag 26-Essen-Kettwig. Sla linksaf naar de Lilienthalstra\u00dfe. Na 500 m staat de feesttent aan de linkerkant<\/span>[\/vc_column_text][\/vc_column_inner][\/vc_row_inner][vc_empty_space][vc_row_inner row_type=&#8220;row&#8220; type=&#8220;full_width&#8220; text_align=&#8220;left&#8220; css_animation=&#8220;&#8220;][vc_column_inner width=&#8220;1\/3&#8243; offset=&#8220;vc_hidden-lg vc_hidden-md vc_hidden-sm vc_hidden-xs&#8220;][vc_column_text css=&#8220;&#8220;]<\/p>\n<h3>Van M\u00fclheim<\/h3>\n<p>[\/vc_column_text][\/vc_column_inner][vc_column_inner width=&#8220;2\/3&#8243; offset=&#8220;vc_hidden-lg vc_hidden-md vc_hidden-sm vc_hidden-xs&#8220;][vc_column_text css=&#8220;&#8220;]<span style=\"color: #ff0000;\">LET OP:<\/span><\/p>\n<p><span style=\"color: #ff0000;\">Vanaf 22:00 is het verboden om vanaf de Raadter Stra\u00dfe in deze richting op de Lilienthalstra\u00dfe te rijden. Volg de bewegwijzerde rondweg om onze feesttent te bereiken. <br \/><\/span>[\/vc_column_text][\/vc_column_inner][\/vc_row_inner][vc_empty_space][\/vc_column][\/vc_row][vc_row css_animation=&#8220;&#8220; row_type=&#8220;row&#8220; use_row_as_full_screen_section=&#8220;no&#8220; type=&#8220;full_width&#8220; angled_section=&#8220;no&#8220; text_align=&#8220;left&#8220; background_image_as_pattern=&#8220;without_pattern&#8220; css=&#8220;.vc_custom_1571575534694{margin-top: 32px !important;margin-bottom: 64px !important;}&#8220; z_index=&#8220;&#8220;][vc_column][vc_single_image image=&#8220;16488&#8243; img_size=&#8220;medium&#8220; alignment=&#8220;center&#8220; qode_css_animation=&#8220;&#8220;][vc_empty_space][\/vc_column][\/vc_row][vc_row css_animation=&#8220;&#8220; row_type=&#8220;row&#8220; use_row_as_full_screen_section=&#8220;no&#8220; type=&#8220;full_width&#8220; angled_section=&#8220;no&#8220; text_align=&#8220;left&#8220; background_image_as_pattern=&#8220;without_pattern&#8220; anchor=&#8220;oeffentlich&#8220; z_index=&#8220;&#8220;][vc_column][vc_empty_space][vc_column_text]<\/p>\n<h2 style=\"text-align: center;\"><strong>Openbaar vervoer<\/strong><\/h2>\n<p>[\/vc_column_text][vc_empty_space][\/vc_column][\/vc_row][vc_row css_animation=&#8220;&#8220; row_type=&#8220;row&#8220; use_row_as_full_screen_section=&#8220;no&#8220; type=&#8220;full_width&#8220; angled_section=&#8220;no&#8220; text_align=&#8220;left&#8220; background_image_as_pattern=&#8220;without_pattern&#8220; css=&#8220;.vc_custom_1571594130984{margin-bottom: 7px !important;padding-top: 7px !important;padding-right: 7px !important;padding-bottom: 7px !important;padding-left: 7px !important;}&#8220; z_index=&#8220;&#8220;][vc_column][vc_column_text]<\/p>\n<p style=\"text-align: center;\">Als alternatief voor de auto en de shuttleservice kun je ons Oktoberfest ook met het openbaar vervoer bereiken.<\/p>\n<p>[\/vc_column_text][vc_empty_space][\/vc_column][\/vc_row][vc_row css_animation=&#8220;&#8220; row_type=&#8220;row&#8220; use_row_as_full_screen_section=&#8220;no&#8220; type=&#8220;full_width&#8220; angled_section=&#8220;no&#8220; text_align=&#8220;left&#8220; background_image_as_pattern=&#8220;without_pattern&#8220; css=&#8220;.vc_custom_1571594403025{margin-top: 7px !important;margin-bottom: 7px !important;padding-right: 7px !important;padding-bottom: 7px !important;padding-left: 7px !important;}&#8220; z_index=&#8220;&#8220;][vc_column width=&#8220;1\/3&#8243;][vc_column_text]<\/p>\n<h3>Vanaf het hoofdstation van M\u00fclheim<\/h3>\n<p>[\/vc_column_text][\/vc_column][vc_column width=&#8220;2\/3&#8243;][vc_column_text]Ubahn (metro) U18 in de richting van Berliner Platz. Stap uit bij M\u00fclheim Rhein-Ruhr-Zentrum.<br \/>Neem vanaf halte 4 bus 130 in de richting van M\u00fclheim Hauptfriedhof.<br \/>Stap uit bij M\u00fclheim Flughafen.<br \/>Loop vanaf daar ca. 15 min.<br \/>in de richting van de Oktoberfest-tent.[\/vc_column_text][\/vc_column][\/vc_row][vc_row css_animation=&#8220;&#8220; row_type=&#8220;row&#8220; use_row_as_full_screen_section=&#8220;no&#8220; type=&#8220;full_width&#8220; angled_section=&#8220;no&#8220; text_align=&#8220;left&#8220; background_image_as_pattern=&#8220;without_pattern&#8220; css=&#8220;.vc_custom_1571575534694{margin-top: 32px !important;margin-bottom: 64px !important;}&#8220; z_index=&#8220;&#8220;][vc_column][vc_single_image image=&#8220;16488&#8243; img_size=&#8220;medium&#8220; alignment=&#8220;center&#8220; qode_css_animation=&#8220;&#8220;][vc_empty_space][\/vc_column][\/vc_row][vc_row css_animation=&#8220;&#8220; row_type=&#8220;row&#8220; use_row_as_full_screen_section=&#8220;no&#8220; type=&#8220;full_width&#8220; angled_section=&#8220;no&#8220; text_align=&#8220;left&#8220; background_image_as_pattern=&#8220;without_pattern&#8220; anchor=&#8220;taxi&#8220; z_index=&#8220;&#8220;][vc_column][vc_empty_space][vc_column_text]<\/p>\n<h2 style=\"text-align: center;\"><strong>Taxi<\/strong><\/h2>\n<p>[\/vc_column_text][vc_empty_space][\/vc_column][\/vc_row][vc_row css_animation=&#8220;&#8220; row_type=&#8220;row&#8220; use_row_as_full_screen_section=&#8220;no&#8220; type=&#8220;full_width&#8220; angled_section=&#8220;no&#8220; text_align=&#8220;left&#8220; background_image_as_pattern=&#8220;without_pattern&#8220; css=&#8220;.vc_custom_1571594801002{margin-bottom: 7px !important;padding-top: 7px !important;padding-right: 25px !important;padding-bottom: 7px !important;padding-left: 25px !important;}&#8220; z_index=&#8220;&#8220;][vc_column width=&#8220;1\/3&#8243;][\/vc_column][vc_column width=&#8220;2\/3&#8243;][vc_column_text]<\/p>\n<p style=\"text-align: left;\">Bij een soepel verloop hoort natuurlijk ook het vertrek.<br \/>Om het onze gasten zo gemakkelijk mogelijk te maken, rijden er ook dit jaar weer tal van taxi&#8217;s naar het festivalterrein om de gasten direct vanuit de tent naar huis te brengen.<br \/>Met het oog op de gelegenheid willen we je vragen om hier nu alvast aandacht aan te besteden,<\/p>\n<p style=\"text-align: left;\"><strong>niet in taxi&#8217;s te stappen op de Lilientahlstra\u00dfe<\/strong>,<\/p>\n<p style=\"text-align: left;\">om de daaruit voortvloeiende verkeerschaos te voorkomen.<br \/>We willen u daarom vragen om<\/p>\n<p style=\"text-align: left;\"><strong>Gebruik na het feesten de taxistandplaats op het terrein!<\/strong><\/p>\n<p>[\/vc_column_text][vc_empty_space height=&#8220;64px&#8220;][\/vc_column][\/vc_row][vc_row css_animation=&#8220;&#8220; row_type=&#8220;row&#8220; use_row_as_full_screen_section=&#8220;no&#8220; type=&#8220;full_width&#8220; angled_section=&#8220;no&#8220; text_align=&#8220;center&#8220; background_image_as_pattern=&#8220;without_pattern&#8220; z_index=&#8220;&#8220;][vc_column][vc_single_image image=&#8220;20084&#8243; img_size=&#8220;full&#8220; alignment=&#8220;center&#8220; style=&#8220;vc_box_shadow_3d&#8220; onclick=&#8220;img_link_large&#8220; css=&#8220;&#8220; qode_css_animation=&#8220;element_from_bottom&#8220;][vc_empty_space height=&#8220;64px&#8220;][\/vc_column][\/vc_row]<\/p>\n<\/div>\n<\/div>","protected":false},"excerpt":{"rendered":"<p>[vc_row css_animation=&#8220;&#8220; row_type=&#8220;row&#8220; use_row_as_full_screen_section=&#8220;no&#8220; type=&#8220;full_width&#8220; angled_section=&#8220;no&#8220; text_align=&#8220;left&#8220; background_image_as_pattern=&#8220;without_pattern&#8220;][vc_column][vc_empty_space height=&#8221;\u201c70px\u201c&#8221;][rev_slider_vc alias=&#8221;\u201canabreise\u201c&#8221;][vc_empty_space height=&#8221;\u201c64px\u201c&#8221;][\/vc_column][\/vc_row][vc_row css_animation=&#8220;&#8220; row_type=&#8220;row&#8220; use_row_as_full_screen_section=&#8220;no&#8220; type=&#8220;full_width&#8220; angled_section=&#8220;no&#8220; text_align=&#8220;left&#8220; background_image_as_pattern=&#8220;without_pattern&#8220;][vc_column][vc_row_inner row_type=&#8220;row&#8220; type=&#8220;full_width&#8220; text_align=&#8220;left&#8220; css_animation=&#8220;&#8220;][vc_column_inner][vc_column_text css=&#8220;&#8220;] Aankomst en vertrek [\/vc_column_text][vc_empty_space height=&#8220;64px&#8220;][\/vc_column_inner][\/vc_row_inner][vc_column_text] Onze locatie ligt midden in het groen, wat een geweldige aanwinst is voor het hele evenement!De toegankelijkheid&#8230;<\/p>\n","protected":false},"author":10,"featured_media":0,"parent":0,"menu_order":0,"comment_status":"closed","ping_status":"closed","template":"","meta":{"footnotes":""},"class_list":["post-18215","page","type-page","status-publish","hentry"],"yoast_head":"<!-- This site is optimized with the Yoast SEO plugin v27.4 - https:\/\/yoast.com\/product\/yoast-seo-wordpress\/ -->\n<title>Aankomst, shuttle en parkeren bij het R\u00dc Oktoberfest<\/title>\n<meta name=\"description\" content=\"Gratis pendeldienst vanaf de Messe Essen en parkeren direct bij de feesttent. Alle informatie over reizen naar het R\u00dc Oktoberfest 2026 in het Ruhrgebied.\" \/>\n<meta name=\"robots\" content=\"index, follow, max-snippet:-1, max-image-preview:large, max-video-preview:-1\" \/>\n<link rel=\"canonical\" href=\"https:\/\/rue-oktoberfest.de\/nl\/pendeldienst-parkeren\/\" \/>\n<meta property=\"og:locale\" content=\"nl_NL\" \/>\n<meta property=\"og:type\" content=\"article\" \/>\n<meta property=\"og:title\" content=\"Aankomst, shuttle en parkeren bij het R\u00dc Oktoberfest\" \/>\n<meta property=\"og:description\" content=\"Gratis pendeldienst vanaf de Messe Essen en parkeren direct bij de feesttent. Alle informatie over reizen naar het R\u00dc Oktoberfest 2026 in het Ruhrgebied.\" \/>\n<meta property=\"og:url\" content=\"https:\/\/rue-oktoberfest.de\/nl\/pendeldienst-parkeren\/\" \/>\n<meta property=\"og:site_name\" content=\"R\u00dc Oktoberfest\" \/>\n<meta property=\"article:modified_time\" content=\"2026-04-23T12:35:48+00:00\" \/>\n<meta name=\"twitter:card\" content=\"summary_large_image\" \/>\n<meta name=\"twitter:label1\" content=\"Geschatte leestijd\" \/>\n\t<meta name=\"twitter:data1\" content=\"14 minuten\" \/>\n<script type=\"application\/ld+json\" class=\"yoast-schema-graph\">{\"@context\":\"https:\\\/\\\/schema.org\",\"@graph\":[{\"@type\":\"WebPage\",\"@id\":\"https:\\\/\\\/rue-oktoberfest.de\\\/nl\\\/pendeldienst-parkeren\\\/\",\"url\":\"https:\\\/\\\/rue-oktoberfest.de\\\/nl\\\/pendeldienst-parkeren\\\/\",\"name\":\"Aankomst, shuttle en parkeren bij het R\u00dc Oktoberfest\",\"isPartOf\":{\"@id\":\"https:\\\/\\\/rue-oktoberfest.de\\\/#website\"},\"datePublished\":\"2015-06-08T22:28:29+00:00\",\"dateModified\":\"2026-04-23T12:35:48+00:00\",\"description\":\"Gratis pendeldienst vanaf de Messe Essen en parkeren direct bij de feesttent. Alle informatie over reizen naar het R\u00dc Oktoberfest 2026 in het Ruhrgebied.\",\"breadcrumb\":{\"@id\":\"https:\\\/\\\/rue-oktoberfest.de\\\/nl\\\/pendeldienst-parkeren\\\/#breadcrumb\"},\"inLanguage\":\"nl-NL\",\"potentialAction\":[{\"@type\":\"ReadAction\",\"target\":[\"https:\\\/\\\/rue-oktoberfest.de\\\/nl\\\/pendeldienst-parkeren\\\/\"]}]},{\"@type\":\"BreadcrumbList\",\"@id\":\"https:\\\/\\\/rue-oktoberfest.de\\\/nl\\\/pendeldienst-parkeren\\\/#breadcrumb\",\"itemListElement\":[{\"@type\":\"ListItem\",\"position\":1,\"name\":\"Startseite\",\"item\":\"https:\\\/\\\/rue-oktoberfest.de\\\/nl\\\/\"},{\"@type\":\"ListItem\",\"position\":2,\"name\":\"Pendeldienst &amp; Parkeren\"}]},{\"@type\":\"WebSite\",\"@id\":\"https:\\\/\\\/rue-oktoberfest.de\\\/#website\",\"url\":\"https:\\\/\\\/rue-oktoberfest.de\\\/\",\"name\":\"R\u00dc Oktoberfest\",\"description\":\"das R\u00dc Oktoberfest in Essen\",\"potentialAction\":[{\"@type\":\"SearchAction\",\"target\":{\"@type\":\"EntryPoint\",\"urlTemplate\":\"https:\\\/\\\/rue-oktoberfest.de\\\/?s={search_term_string}\"},\"query-input\":{\"@type\":\"PropertyValueSpecification\",\"valueRequired\":true,\"valueName\":\"search_term_string\"}}],\"inLanguage\":\"nl-NL\"}]}<\/script>\n<!-- \/ Yoast SEO plugin. -->","yoast_head_json":{"title":"Aankomst, shuttle en parkeren bij het R\u00dc Oktoberfest","description":"Gratis pendeldienst vanaf de Messe Essen en parkeren direct bij de feesttent. Alle informatie over reizen naar het R\u00dc Oktoberfest 2026 in het Ruhrgebied.","robots":{"index":"index","follow":"follow","max-snippet":"max-snippet:-1","max-image-preview":"max-image-preview:large","max-video-preview":"max-video-preview:-1"},"canonical":"https:\/\/rue-oktoberfest.de\/nl\/pendeldienst-parkeren\/","og_locale":"nl_NL","og_type":"article","og_title":"Aankomst, shuttle en parkeren bij het R\u00dc Oktoberfest","og_description":"Gratis pendeldienst vanaf de Messe Essen en parkeren direct bij de feesttent. Alle informatie over reizen naar het R\u00dc Oktoberfest 2026 in het Ruhrgebied.","og_url":"https:\/\/rue-oktoberfest.de\/nl\/pendeldienst-parkeren\/","og_site_name":"R\u00dc Oktoberfest","article_modified_time":"2026-04-23T12:35:48+00:00","twitter_card":"summary_large_image","twitter_misc":{"Geschatte leestijd":"14 minuten"},"schema":{"@context":"https:\/\/schema.org","@graph":[{"@type":"WebPage","@id":"https:\/\/rue-oktoberfest.de\/nl\/pendeldienst-parkeren\/","url":"https:\/\/rue-oktoberfest.de\/nl\/pendeldienst-parkeren\/","name":"Aankomst, shuttle en parkeren bij het R\u00dc Oktoberfest","isPartOf":{"@id":"https:\/\/rue-oktoberfest.de\/#website"},"datePublished":"2015-06-08T22:28:29+00:00","dateModified":"2026-04-23T12:35:48+00:00","description":"Gratis pendeldienst vanaf de Messe Essen en parkeren direct bij de feesttent. Alle informatie over reizen naar het R\u00dc Oktoberfest 2026 in het Ruhrgebied.","breadcrumb":{"@id":"https:\/\/rue-oktoberfest.de\/nl\/pendeldienst-parkeren\/#breadcrumb"},"inLanguage":"nl-NL","potentialAction":[{"@type":"ReadAction","target":["https:\/\/rue-oktoberfest.de\/nl\/pendeldienst-parkeren\/"]}]},{"@type":"BreadcrumbList","@id":"https:\/\/rue-oktoberfest.de\/nl\/pendeldienst-parkeren\/#breadcrumb","itemListElement":[{"@type":"ListItem","position":1,"name":"Startseite","item":"https:\/\/rue-oktoberfest.de\/nl\/"},{"@type":"ListItem","position":2,"name":"Pendeldienst &amp; Parkeren"}]},{"@type":"WebSite","@id":"https:\/\/rue-oktoberfest.de\/#website","url":"https:\/\/rue-oktoberfest.de\/","name":"R\u00dc Oktoberfest","description":"das R\u00dc Oktoberfest in Essen","potentialAction":[{"@type":"SearchAction","target":{"@type":"EntryPoint","urlTemplate":"https:\/\/rue-oktoberfest.de\/?s={search_term_string}"},"query-input":{"@type":"PropertyValueSpecification","valueRequired":true,"valueName":"search_term_string"}}],"inLanguage":"nl-NL"}]}},"_links":{"self":[{"href":"https:\/\/rue-oktoberfest.de\/nl\/wp-json\/wp\/v2\/pages\/18215","targetHints":{"allow":["GET"]}}],"collection":[{"href":"https:\/\/rue-oktoberfest.de\/nl\/wp-json\/wp\/v2\/pages"}],"about":[{"href":"https:\/\/rue-oktoberfest.de\/nl\/wp-json\/wp\/v2\/types\/page"}],"author":[{"embeddable":true,"href":"https:\/\/rue-oktoberfest.de\/nl\/wp-json\/wp\/v2\/users\/10"}],"replies":[{"embeddable":true,"href":"https:\/\/rue-oktoberfest.de\/nl\/wp-json\/wp\/v2\/comments?post=18215"}],"version-history":[{"count":20,"href":"https:\/\/rue-oktoberfest.de\/nl\/wp-json\/wp\/v2\/pages\/18215\/revisions"}],"predecessor-version":[{"id":22639,"href":"https:\/\/rue-oktoberfest.de\/nl\/wp-json\/wp\/v2\/pages\/18215\/revisions\/22639"}],"wp:attachment":[{"href":"https:\/\/rue-oktoberfest.de\/nl\/wp-json\/wp\/v2\/media?parent=18215"}],"curies":[{"name":"wp","href":"https:\/\/api.w.org\/{rel}","templated":true}]}}