{"id":21993,"date":"2026-02-02T09:36:31","date_gmt":"2026-02-02T08:36:31","guid":{"rendered":"https:\/\/rue-oktoberfest.de\/homepage-2026\/"},"modified":"2026-04-23T14:35:48","modified_gmt":"2026-04-23T12:35:48","slug":"homepage-2026","status":"publish","type":"page","link":"https:\/\/rue-oktoberfest.de\/nl\/homepage-2026\/","title":{"rendered":"Homepage 2026"},"content":{"rendered":"<div class=\"wpb-content-wrapper\"><div class=\"wpb-content-wrapper\">\n<div class=\"wpb-content-wrapper\">\n<p>[vc_row css_animation=&#8220;&#8220; row_type=&#8220;row&#8220; use_row_as_full_screen_section=&#8220;no&#8220; type=&#8220;full_width&#8220; angled_section=&#8220;no&#8220; text_align=&#8220;left&#8220; background_image_as_pattern=&#8220;without_pattern&#8220;][vc_column]<\/p>\n<p class=\"rs-p-wp-fix\">\n<p>\t\t\t\t<sr7-module data-alias=\"startseite-1\" data-id=\"7\" id=\"SR7_7_1\" class=\"rs-ov-hidden\" data-version=\"6.7.51\"><br \/>\n\t\t\t\t\t<sr7-adjuster><\/sr7-adjuster><br \/>\n\t\t\t\t\t<sr7-content><br \/>\n\t\t\t\t\t\t<sr7-slide id=\"SR7_7_1-19\" data-key=\"19\"><br \/>\n\t\t\t\t\t\t\t<sr7-txt id=\"SR7_7_1-19-2\" class=\"sr7-layer\">DAS  R\u00dc OKTOBERFEST <\/sr7-txt><br \/>\n\t\t\t\t\t\t\t<sr7-txt id=\"SR7_7_1-19-3\" class=\"sr7-layer\">DAS BESTE IM WESTEN!<\/sr7-txt><br \/>\n\t\t\t\t\t\t\t<sr7-txt id=\"SR7_7_1-19-5\" class=\"sr7-layer\"><i class=\"fa-arrow-circle-down\"><\/i><\/sr7-txt><br \/>\n\t\t\t\t\t\t<\/sr7-slide><br \/>\n\t\t\t\t\t\t<sr7-slide id=\"SR7_7_1-21\" data-key=\"21\"><br \/>\n\t\t\t\t\t\t<\/sr7-slide><br \/>\n\t\t\t\t\t<\/sr7-content><br \/>\n\t\t\t\t<\/sr7-module><br \/>\n\t\t\t\t<script>\n\t\t\t\t\twindow.SR7 ??={};SR7.PMH ??={}; SR7.PMH[\"SR7_7_1\"] = {cn:100,state:false,fn: function() { if (window._tpt!==undefined && window._tpt.prepareModuleHeight !== undefined) {  _tpt.prepareModuleHeight({id:\"SR7_7_1\",el:[868,868,768,960,720],type:'hero',shdw:'0',gh:[868,868,717,545,336],gw:[1240,1240,1024,778,480],vpt:['-200px'],size:{fullWidth:true, fullHeight:true},fho:'',mh:'0',onh:0,onw:0,bg:{color:'{\"orig\":\"transparent\",\"type\":\"solid\",\"string\":\"transparent\"}'},plType:'0',plColor:'#FFFFFF'});   SR7.PMH[\"SR7_7_1\"].state=true;} else if(SR7.PMH[\"SR7_7_1\"].cn-->0)\tsetTimeout( SR7.PMH[\"SR7_7_1\"].fn,19);}};SR7.PMH[\"SR7_7_1\" ].fn();\n\t\t\t\t<\/script><br \/>\n[\/vc_column][\/vc_row][vc_row css_animation=&#8220;&#8220; row_type=&#8220;row&#8220; use_row_as_full_screen_section=&#8220;yes&#8220; type=&#8220;full_width&#8220; angled_section=&#8220;no&#8220; text_align=&#8220;left&#8220; background_image_as_pattern=&#8220;with_pattern&#8220; css=&#8220;.vc_custom_1769777898563{padding-top: 80px !important;padding-bottom: 80px !important;background-color: #0E1005D1 !important;background-position: center !important;background-repeat: no-repeat !important;background-size: cover !important;}&#8220; z_index=&#8220;&#8220; background_image=&#8220;21894&#8243; el_class=&#8220;ticketverkauf&#8220;][vc_column][vc_column_text css=&#8220;&#8220;]<\/p>\n<h2 style=\"text-align: center;\"><span style=\"color: #af8848; font-family: 'Antonio'; text-transform: uppercase;\"><strong>Vanaf 01.01.2026 begint de voorboeking voor ons 13e R\u00fc Oktoberfest<\/strong><\/span><\/h2>\n<p>[\/vc_column_text][\/vc_column][\/vc_row][vc_row css_animation=&#8220;&#8220; row_type=&#8220;row&#8220; use_row_as_full_screen_section=&#8220;yes&#8220; type=&#8220;grid&#8220; angled_section=&#8220;no&#8220; text_align=&#8220;left&#8220; background_image_as_pattern=&#8220;without_pattern&#8220; css=&#8220;.vc_custom_1772795498571{margin-top: 80px !important;background-color: #0A0A03 !important;}&#8220; z_index=&#8220;&#8220; background_color=&#8220;#0A0A03&#8243; el_class=&#8220;v-center&#8220;][vc_column width=&#8220;1\/2&#8243;][vc_video link=&#8220;https:\/\/youtu.be\/QRDpQAdKZNI?si=kgHmiDjBMOPI1li8&#8243; css=&#8220;&#8220;][\/vc_column][vc_column width=&#8220;1\/2&#8243; css=&#8220;.vc_custom_1769767986414{padding-top: 30px !important;padding-right: 30px !important;padding-bottom: 30px !important;padding-left: 30px !important;}&#8220;][vc_column_text css=&#8220;&#8220;]<\/p>\n<h1 style=\"color: #af8848; font-family: 'Antonio'; text-transform: uppercase;\">O&#8217;zapft is in het Ruhrgebied!<\/h1>\n<p>[\/vc_column_text][vc_empty_space height=&#8220;20px&#8220;][vc_column_text css=&#8220;&#8220;]<span style=\"color: #ffffff;\">Beleef het R\u00dc Oktoberfest met een geweldige sfeer, livemuziek en een echt Oktoberfest-gevoel in de grote feesttent op het vliegveld Essen\/M\u00fclheim. Dirndl aan, lederhosen uit &#8211; en op naar een weekend vol plezier, vrienden en bierpulmomenten.<\/span>[\/vc_column_text][\/vc_column][\/vc_row][vc_row css_animation=&#8220;&#8220; row_type=&#8220;row&#8220; use_row_as_full_screen_section=&#8220;no&#8220; type=&#8220;full_width&#8220; angled_section=&#8220;no&#8220; text_align=&#8220;left&#8220; background_image_as_pattern=&#8220;without_pattern&#8220; css=&#8220;.vc_custom_1772793706227{margin-top: 80px !important;background-color: #1C1E0C !important;}&#8220; z_index=&#8220;&#8220;][vc_column css=&#8220;.vc_custom_1772793761048{padding-top: 80px !important;}&#8220;][vc_column_text css=&#8220;&#8220;]<\/p>\n<h2 style=\"color: #af8848; font-family: Antonio; text-transform: uppercase; text-align: center;\">Wat maakt het R\u00dc Oktoberfest zo speciaal?<\/h2>\n<p>[\/vc_column_text][\/vc_column][\/vc_row][vc_row css_animation=&#8220;&#8220; row_type=&#8220;row&#8220; use_row_as_full_screen_section=&#8220;no&#8220; type=&#8220;grid&#8220; angled_section=&#8220;no&#8220; text_align=&#8220;left&#8220; background_image_as_pattern=&#8220;without_pattern&#8220; z_index=&#8220;&#8220; css=&#8220;.vc_custom_1772793361348{padding-top: 50px !important;background-color: #1C1E0C !important;}&#8220; el_class=&#8220;sameblocks&#8220;][vc_column width=&#8220;1\/3&#8243; css=&#8220;.vc_custom_1772791755462{background-color: #1B1E0C00 !important;background-position: center !important;background-repeat: no-repeat !important;background-size: contain !important;}&#8220; el_class=&#8220;sameblock-item&#8220;][vc_single_image image=&#8220;22306&#8243; img_size=&#8220;large&#8220; alignment=&#8220;center&#8220; style=&#8220;vc_box_shadow_3d&#8220; css=&#8220;&#8220; qode_css_animation=&#8220;&#8220;][vc_column_text css=&#8220;&#8220;]<\/p>\n<h3 class=\"qode-icwi-title\" style=\"text-align: center;\">VIP-ruimte &#8220;VIPBoxzerl<\/h3>\n<p>[\/vc_column_text][vc_empty_space height=&#8220;20px&#8220;][vc_column_text css=&#8220;&#8220;]<\/p>\n<p class=\"qode-icwi-text\" style=\"text-align: center;\">Exclusieve feesten met je eigen full-service bar, VIP-toiletten en terras &#8211; perfect voor wie het graag wat comfortabeler heeft.<\/p>\n<p>[\/vc_column_text][\/vc_column][vc_column width=&#8220;1\/3&#8243; css=&#8220;.vc_custom_1772791751548{background-color: #1B1E0C00 !important;}&#8220; el_class=&#8220;sameblock-item&#8220;][vc_single_image image=&#8220;22308&#8243; img_size=&#8220;large&#8220; alignment=&#8220;center&#8220; style=&#8220;vc_box_shadow_3d&#8220; css=&#8220;&#8220; qode_css_animation=&#8220;&#8220;][vc_column_text css=&#8220;&#8220;]<\/p>\n<h3 class=\"qode-icwi-title\" style=\"text-align: center;\">Prachtige locatie op het vliegveld<\/h3>\n<p>[\/vc_column_text][vc_empty_space height=&#8220;20px&#8220;][vc_column_text css=&#8220;&#8220;]<\/p>\n<p class=\"qode-icwi-text\" style=\"text-align: center;\">Direct op vliegveld Essen\/M\u00fclheim. Wiesn gevoel ontmoet Ruhrpott achtergrond. Uniek &#8211; alleen hier verkrijgbaar.<\/p>\n<p>[\/vc_column_text][\/vc_column][vc_column width=&#8220;1\/3&#8243; css=&#8220;.vc_custom_1772791748041{background-color: #1B1E0C00 !important;}&#8220; el_class=&#8220;sameblock-item&#8220;][vc_single_image image=&#8220;22310&#8243; img_size=&#8220;large&#8220; alignment=&#8220;center&#8220; style=&#8220;vc_box_shadow_3d&#8220; css=&#8220;&#8220; qode_css_animation=&#8220;&#8220;][vc_column_text css=&#8220;&#8220;]<\/p>\n<h3 class=\"qode-icwi-title\" style=\"text-align: center;\">600 vierkante meter zonneterras voor frisse lucht &amp; zonsondergang vibes<\/h3>\n<p>[\/vc_column_text][vc_empty_space height=&#8220;20px&#8220;][vc_column_text css=&#8220;&#8220;]<\/p>\n<p class=\"qode-icwi-text\" style=\"text-align: center;\">Zonneterras van 600 vierkante meter voor frisse lucht. Proost met een prachtig uitzicht op de buurt. En als het uitkomt: Sunset vibes inbegrepen.<\/p>\n<p>[\/vc_column_text][\/vc_column][\/vc_row][vc_row css_animation=&#8220;&#8220; row_type=&#8220;row&#8220; use_row_as_full_screen_section=&#8220;no&#8220; type=&#8220;grid&#8220; angled_section=&#8220;no&#8220; text_align=&#8220;left&#8220; background_image_as_pattern=&#8220;without_pattern&#8220; z_index=&#8220;&#8220; css=&#8220;.vc_custom_1772794373304{padding-top: 30px !important;padding-bottom: 80px !important;background-color: #1C1E0C !important;}&#8220; el_class=&#8220;sameblocks&#8220;][vc_column width=&#8220;1\/3&#8243; css=&#8220;.vc_custom_1772791755462{background-color: #1B1E0C00 !important;background-position: center !important;background-repeat: no-repeat !important;background-size: contain !important;}&#8220; el_class=&#8220;sameblock-item&#8220;][vc_single_image image=&#8220;22348&#8243; img_size=&#8220;large&#8220; alignment=&#8220;center&#8220; style=&#8220;vc_box_shadow_3d&#8220; css=&#8220;&#8220; qode_css_animation=&#8220;&#8220;][vc_column_text css=&#8220;&#8220;]<\/p>\n<h3 class=\"qode-icwi-title\" style=\"text-align: center;\">Enorme feesttent + biertuin<\/h3>\n<p>[\/vc_column_text][vc_empty_space height=&#8220;20px&#8220;][vc_column_text css=&#8220;&#8220;]<\/p>\n<p class=\"qode-icwi-text\" style=\"text-align: center;\">De feesttent is echt groot (ongeveer 3.000 vierkante meter, maximaal 4.000 gasten) &#8211; plus een buitenruimte met een grote biertuin (600 vierkante meter).<\/p>\n<p>[\/vc_column_text][\/vc_column][vc_column width=&#8220;1\/3&#8243; css=&#8220;.vc_custom_1772791751548{background-color: #1B1E0C00 !important;}&#8220; el_class=&#8220;sameblock-item&#8220;][vc_single_image image=&#8220;22350&#8243; img_size=&#8220;large&#8220; alignment=&#8220;center&#8220; style=&#8220;vc_box_shadow_3d&#8220; css=&#8220;&#8220; qode_css_animation=&#8220;&#8220;][vc_column_text css=&#8220;&#8220;]<\/p>\n<h3 class=\"qode-icwi-title\" style=\"text-align: center;\">Live acts &amp; feestprogramma<\/h3>\n<p>[\/vc_column_text][vc_empty_space height=&#8220;20px&#8220;][vc_column_text css=&#8220;&#8220;]<\/p>\n<p class=\"qode-icwi-text\" style=\"text-align: center;\">Met de &#8220;Original R\u00fcttenscheiders&#8221; en feest-DJ&#8217;s is de sfeer vanaf het begin op volle toeren.<\/p>\n<p>[\/vc_column_text][\/vc_column][vc_column width=&#8220;1\/3&#8243; css=&#8220;.vc_custom_1772791748041{background-color: #1B1E0C00 !important;}&#8220; el_class=&#8220;sameblock-item&#8220;][vc_single_image image=&#8220;22352&#8243; img_size=&#8220;large&#8220; alignment=&#8220;center&#8220; style=&#8220;vc_box_shadow_3d&#8220; css=&#8220;&#8220; qode_css_animation=&#8220;&#8220;][vc_column_text css=&#8220;&#8220;]<\/p>\n<h3 class=\"qode-icwi-title\" style=\"text-align: center;\">Lekkernijen &amp; bierklassiekers<\/h3>\n<p>[\/vc_column_text][vc_empty_space height=&#8220;20px&#8220;][vc_column_text css=&#8220;&#8220;]<\/p>\n<p class=\"qode-icwi-text\" style=\"text-align: center;\">Van een halve kip, kalfsworst en andere lekkernijen tot de hel van Koning Ludwig &#8211; het Wiesn-gevoel wordt ook weerspiegeld in het eten.<\/p>\n<p>[\/vc_column_text][\/vc_column][\/vc_row][vc_row css_animation=&#8220;&#8220; row_type=&#8220;row&#8220; use_row_as_full_screen_section=&#8220;no&#8220; type=&#8220;grid&#8220; angled_section=&#8220;no&#8220; text_align=&#8220;left&#8220; background_image_as_pattern=&#8220;without_pattern&#8220; css=&#8220;.vc_custom_1770027787818{margin-top: 80px !important;margin-bottom: 80px !important;}&#8220; z_index=&#8220;&#8220;][vc_column width=&#8220;1\/2&#8243; css=&#8220;.vc_custom_1770898053200{margin-top: 80px !important;}&#8220;][vc_column_text css=&#8220;&#8220;]<\/p>\n<h2>Tickets, reserveringen &amp; beste plaatsen<\/h2>\n<p>[\/vc_column_text][vc_empty_space height=&#8220;20px&#8220;][vc_column_text css=&#8220;&#8220;]<span style=\"color: #ffffff;\">Of je nu alleen wilt feesten of met een grotere groep komt: Verzeker je tijdig van je plaatsen in de feesttent. Vooral populaire weekends en groepstafels zijn snel volgeboekt. Voor bedrijfsfeesten, verjaardagen of clubavonden is het de moeite waard om vroeg te boeken &#8211; zo kun je bij elkaar zitten en optimaal van de avond genieten.<\/span>[\/vc_column_text][\/vc_column][vc_column width=&#8220;1\/2&#8243;][vc_empty_space][vc_gallery interval=&#8220;3&#8243; images=&#8220;21164,21170,21154,21174&#8243; img_size=&#8220;large&#8220;][\/vc_column][\/vc_row][vc_row css_animation=&#8220;&#8220; row_type=&#8220;row&#8220; use_row_as_full_screen_section=&#8220;no&#8220; type=&#8220;full_width&#8220; angled_section=&#8220;no&#8220; text_align=&#8220;center&#8220; background_image_as_pattern=&#8220;without_pattern&#8220; css=&#8220;.vc_custom_1770025644732{margin-bottom: 80px !important;padding-top: 50px !important;padding-bottom: 50px !important;}&#8220; z_index=&#8220;&#8220; background_image=&#8220;21894&#8243;][vc_column][vc_column_text css=&#8220;&#8220;]<\/p>\n<h2 style=\"text-align: center;\">Nog geen ticket?<br \/>Zet hem nu vast!<\/h2>\n<p>[\/vc_column_text][vc_empty_space][vc_column_text css=&#8220;&#8220;]<\/p>\n<p style=\"text-align: center;\"><span style=\"color: #ffffff;\">Verzeker je van je volgende <a href=\"https:\/\/rue-oktoberfest.de\/nl\/voor-bedrijven\/\">bedrijfsfeest<\/a>, verjaardagsfeest of gewoon een geweldige avond met vrienden!<\/span><\/p>\n<p>[\/vc_column_text][vc_empty_space]<a itemprop=\"url\" href=\"https:\/\/rue-oktoberfest.de\/nl\/boek\/\" target=\"_self\" data-hover-background-color=\"#FFFFFF00\" data-hover-border-color=\"#AF8848\" data-hover-color=\"#AF8848\" class=\"qbutton center default\" style=\"color: #FFFFFF; border-color: #AF8848; background-color:#AF8848;\">Boek nu tickets<\/a>[\/vc_column][\/vc_row][vc_row css_animation=&#8220;&#8220; row_type=&#8220;row&#8220; use_row_as_full_screen_section=&#8220;no&#8220; type=&#8220;grid&#8220; angled_section=&#8220;no&#8220; text_align=&#8220;left&#8220; background_image_as_pattern=&#8220;without_pattern&#8220; css=&#8220;.vc_custom_1772794732159{margin-top: 80px !important;padding-top: 50px !important;padding-bottom: 50px !important;}&#8220; z_index=&#8220;&#8220; el_class=&#8220;text-bild-vcenter&#8220;][vc_column width=&#8220;1\/2&#8243;][vc_gallery interval=&#8220;3&#8243; images=&#8220;21172,18017,19278,19274&#8243; img_size=&#8220;large&#8220; css=&#8220;&#8220;][vc_empty_space][\/vc_column][vc_column width=&#8220;1\/2&#8243; el_class=&#8220;vcenter-col&#8220;][vc_column_text css=&#8220;&#8220;]<\/p>\n<h2>Reizen naar het R\u00dc Oktoberfest (incl. shuttle)<\/h2>\n<p>[\/vc_column_text][vc_empty_space height=&#8220;20px&#8220;][vc_column_text css=&#8220;&#8220;]<span style=\"color: #ffffff;\">De feesttent op het vliegveld Essen\/M\u00fclheim is gemakkelijk bereikbaar &#8211; ideaal voor gasten uit Essen, R\u00fcttenscheid, M\u00fclheim, Duisburg, Oberhausen en het hele Ruhrgebied. Voor een ontspannen aankomst en vertrek is er ook een gratis pendeldienst (bijvoorbeeld van Messe Essen P2a) rechtstreeks naar de feesttent. Het plezier begint dus zonder stress &#8211; en eindigt op dezelfde manier.<\/span>[\/vc_column_text][\/vc_column][\/vc_row]<\/p>\n<\/div>\n<\/div>\n<\/div>","protected":false},"excerpt":{"rendered":"<p>[vc_row css_animation=&#8220;&#8220; row_type=&#8220;row&#8220; use_row_as_full_screen_section=&#8220;no&#8220; type=&#8220;full_width&#8220; angled_section=&#8220;no&#8220; text_align=&#8220;left&#8220; background_image_as_pattern=&#8220;without_pattern&#8220;][vc_column] DAS R\u00dc OKTOBERFEST DAS BESTE IM WESTEN! [\/vc_column][\/vc_row][vc_row css_animation=&#8220;&#8220; row_type=&#8220;row&#8220; use_row_as_full_screen_section=&#8220;yes&#8220; type=&#8220;full_width&#8220; angled_section=&#8220;no&#8220; text_align=&#8220;left&#8220; background_image_as_pattern=&#8220;with_pattern&#8220; css=&#8220;.vc_custom_1769777898563{padding-top: 80px !important;padding-bottom: 80px !important;background-color: #0E1005D1 !important;background-position: center !important;background-repeat: no-repeat !important;background-size: cover !important;}&#8220; z_index=&#8220;&#8220; background_image=&#8220;21894&#8243; el_class=&#8220;ticketverkauf&#8220;][vc_column][vc_column_text css=&#8220;&#8220;] Vanaf 01.01.2026 begint de voorboeking&#8230;<\/p>\n","protected":false},"author":10,"featured_media":0,"parent":0,"menu_order":0,"comment_status":"closed","ping_status":"closed","template":"full_width.php","meta":{"footnotes":""},"class_list":["post-21993","page","type-page","status-publish","hentry"],"yoast_head":"<!-- This site is optimized with the Yoast SEO plugin v27.5 - https:\/\/yoast.com\/product\/yoast-seo-wordpress\/ -->\n<title>Homepage 2026 - R\u00dc Oktoberfest<\/title>\n<meta name=\"robots\" content=\"noindex, follow\" \/>\n<meta property=\"og:locale\" content=\"nl_NL\" \/>\n<meta property=\"og:type\" content=\"article\" \/>\n<meta property=\"og:title\" content=\"Homepage 2026 - R\u00dc Oktoberfest\" \/>\n<meta property=\"og:description\" content=\"[vc_row css_animation=&#8220;&#8220; row_type=&#8220;row&#8220; use_row_as_full_screen_section=&#8220;no&#8220; type=&#8220;full_width&#8220; angled_section=&#8220;no&#8220; text_align=&#8220;left&#8220; background_image_as_pattern=&#8220;without_pattern&#8220;][vc_column] DAS R\u00dc OKTOBERFEST DAS BESTE IM WESTEN! [\/vc_column][\/vc_row][vc_row css_animation=&#8220;&#8220; row_type=&#8220;row&#8220; use_row_as_full_screen_section=&#8220;yes&#8220; type=&#8220;full_width&#8220; angled_section=&#8220;no&#8220; text_align=&#8220;left&#8220; background_image_as_pattern=&#8220;with_pattern&#8220; css=&#8220;.vc_custom_1769777898563{padding-top: 80px !important;padding-bottom: 80px !important;background-color: #0E1005D1 !important;background-position: center !important;background-repeat: no-repeat !important;background-size: cover !important;}&#8220; z_index=&#8220;&#8220; background_image=&#8220;21894&#8243; el_class=&#8220;ticketverkauf&#8220;][vc_column][vc_column_text css=&#8220;&#8220;] Vanaf 01.01.2026 begint de voorboeking...\" \/>\n<meta property=\"og:url\" content=\"https:\/\/rue-oktoberfest.de\/nl\/homepage-2026\/\" \/>\n<meta property=\"og:site_name\" content=\"R\u00dc Oktoberfest\" \/>\n<meta property=\"article:modified_time\" content=\"2026-04-23T12:35:48+00:00\" \/>\n<meta name=\"twitter:card\" content=\"summary_large_image\" \/>\n<meta name=\"twitter:label1\" content=\"Geschatte leestijd\" \/>\n\t<meta name=\"twitter:data1\" content=\"7 minuten\" \/>\n<script type=\"application\/ld+json\" class=\"yoast-schema-graph\">{\"@context\":\"https:\\\/\\\/schema.org\",\"@graph\":[{\"@type\":\"WebPage\",\"@id\":\"https:\\\/\\\/rue-oktoberfest.de\\\/nl\\\/homepage-2026\\\/\",\"url\":\"https:\\\/\\\/rue-oktoberfest.de\\\/nl\\\/homepage-2026\\\/\",\"name\":\"Homepage 2026 - R\u00dc Oktoberfest\",\"isPartOf\":{\"@id\":\"https:\\\/\\\/rue-oktoberfest.de\\\/#website\"},\"datePublished\":\"2026-02-02T08:36:31+00:00\",\"dateModified\":\"2026-04-23T12:35:48+00:00\",\"breadcrumb\":{\"@id\":\"https:\\\/\\\/rue-oktoberfest.de\\\/nl\\\/homepage-2026\\\/#breadcrumb\"},\"inLanguage\":\"nl-NL\",\"potentialAction\":[{\"@type\":\"ReadAction\",\"target\":[\"https:\\\/\\\/rue-oktoberfest.de\\\/nl\\\/homepage-2026\\\/\"]}]},{\"@type\":\"BreadcrumbList\",\"@id\":\"https:\\\/\\\/rue-oktoberfest.de\\\/nl\\\/homepage-2026\\\/#breadcrumb\",\"itemListElement\":[{\"@type\":\"ListItem\",\"position\":1,\"name\":\"Startseite\",\"item\":\"https:\\\/\\\/rue-oktoberfest.de\\\/nl\\\/\"},{\"@type\":\"ListItem\",\"position\":2,\"name\":\"Homepage 2026\"}]},{\"@type\":\"WebSite\",\"@id\":\"https:\\\/\\\/rue-oktoberfest.de\\\/#website\",\"url\":\"https:\\\/\\\/rue-oktoberfest.de\\\/\",\"name\":\"R\u00dc Oktoberfest\",\"description\":\"das R\u00dc Oktoberfest in Essen\",\"potentialAction\":[{\"@type\":\"SearchAction\",\"target\":{\"@type\":\"EntryPoint\",\"urlTemplate\":\"https:\\\/\\\/rue-oktoberfest.de\\\/?s={search_term_string}\"},\"query-input\":{\"@type\":\"PropertyValueSpecification\",\"valueRequired\":true,\"valueName\":\"search_term_string\"}}],\"inLanguage\":\"nl-NL\"}]}<\/script>\n<!-- \/ Yoast SEO plugin. -->","yoast_head_json":{"title":"Homepage 2026 - R\u00dc Oktoberfest","robots":{"index":"noindex","follow":"follow"},"og_locale":"nl_NL","og_type":"article","og_title":"Homepage 2026 - R\u00dc Oktoberfest","og_description":"[vc_row css_animation=&#8220;&#8220; row_type=&#8220;row&#8220; use_row_as_full_screen_section=&#8220;no&#8220; type=&#8220;full_width&#8220; angled_section=&#8220;no&#8220; text_align=&#8220;left&#8220; background_image_as_pattern=&#8220;without_pattern&#8220;][vc_column] DAS R\u00dc OKTOBERFEST DAS BESTE IM WESTEN! [\/vc_column][\/vc_row][vc_row css_animation=&#8220;&#8220; row_type=&#8220;row&#8220; use_row_as_full_screen_section=&#8220;yes&#8220; type=&#8220;full_width&#8220; angled_section=&#8220;no&#8220; text_align=&#8220;left&#8220; background_image_as_pattern=&#8220;with_pattern&#8220; css=&#8220;.vc_custom_1769777898563{padding-top: 80px !important;padding-bottom: 80px !important;background-color: #0E1005D1 !important;background-position: center !important;background-repeat: no-repeat !important;background-size: cover !important;}&#8220; z_index=&#8220;&#8220; background_image=&#8220;21894&#8243; el_class=&#8220;ticketverkauf&#8220;][vc_column][vc_column_text css=&#8220;&#8220;] Vanaf 01.01.2026 begint de voorboeking...","og_url":"https:\/\/rue-oktoberfest.de\/nl\/homepage-2026\/","og_site_name":"R\u00dc Oktoberfest","article_modified_time":"2026-04-23T12:35:48+00:00","twitter_card":"summary_large_image","twitter_misc":{"Geschatte leestijd":"7 minuten"},"schema":{"@context":"https:\/\/schema.org","@graph":[{"@type":"WebPage","@id":"https:\/\/rue-oktoberfest.de\/nl\/homepage-2026\/","url":"https:\/\/rue-oktoberfest.de\/nl\/homepage-2026\/","name":"Homepage 2026 - R\u00dc Oktoberfest","isPartOf":{"@id":"https:\/\/rue-oktoberfest.de\/#website"},"datePublished":"2026-02-02T08:36:31+00:00","dateModified":"2026-04-23T12:35:48+00:00","breadcrumb":{"@id":"https:\/\/rue-oktoberfest.de\/nl\/homepage-2026\/#breadcrumb"},"inLanguage":"nl-NL","potentialAction":[{"@type":"ReadAction","target":["https:\/\/rue-oktoberfest.de\/nl\/homepage-2026\/"]}]},{"@type":"BreadcrumbList","@id":"https:\/\/rue-oktoberfest.de\/nl\/homepage-2026\/#breadcrumb","itemListElement":[{"@type":"ListItem","position":1,"name":"Startseite","item":"https:\/\/rue-oktoberfest.de\/nl\/"},{"@type":"ListItem","position":2,"name":"Homepage 2026"}]},{"@type":"WebSite","@id":"https:\/\/rue-oktoberfest.de\/#website","url":"https:\/\/rue-oktoberfest.de\/","name":"R\u00dc Oktoberfest","description":"das R\u00dc Oktoberfest in Essen","potentialAction":[{"@type":"SearchAction","target":{"@type":"EntryPoint","urlTemplate":"https:\/\/rue-oktoberfest.de\/?s={search_term_string}"},"query-input":{"@type":"PropertyValueSpecification","valueRequired":true,"valueName":"search_term_string"}}],"inLanguage":"nl-NL"}]}},"_links":{"self":[{"href":"https:\/\/rue-oktoberfest.de\/nl\/wp-json\/wp\/v2\/pages\/21993","targetHints":{"allow":["GET"]}}],"collection":[{"href":"https:\/\/rue-oktoberfest.de\/nl\/wp-json\/wp\/v2\/pages"}],"about":[{"href":"https:\/\/rue-oktoberfest.de\/nl\/wp-json\/wp\/v2\/types\/page"}],"author":[{"embeddable":true,"href":"https:\/\/rue-oktoberfest.de\/nl\/wp-json\/wp\/v2\/users\/10"}],"replies":[{"embeddable":true,"href":"https:\/\/rue-oktoberfest.de\/nl\/wp-json\/wp\/v2\/comments?post=21993"}],"version-history":[{"count":20,"href":"https:\/\/rue-oktoberfest.de\/nl\/wp-json\/wp\/v2\/pages\/21993\/revisions"}],"predecessor-version":[{"id":22632,"href":"https:\/\/rue-oktoberfest.de\/nl\/wp-json\/wp\/v2\/pages\/21993\/revisions\/22632"}],"wp:attachment":[{"href":"https:\/\/rue-oktoberfest.de\/nl\/wp-json\/wp\/v2\/media?parent=21993"}],"curies":[{"name":"wp","href":"https:\/\/api.w.org\/{rel}","templated":true}]}}